{"id":1906,"date":"2026-04-10T13:10:52","date_gmt":"2026-04-10T11:10:52","guid":{"rendered":"https:\/\/debevelanden.nl\/?post_type=agenda&#038;p=1906"},"modified":"2026-04-10T14:13:57","modified_gmt":"2026-04-10T12:13:57","slug":"kermis-goes","status":"publish","type":"agenda","link":"https:\/\/debevelanden.nl\/de\/agenda\/kermis-goes\/","title":{"rendered":"Jahrmarkt Goes"},"content":{"rendered":"<section class=\"block page-header block--page-header\">\n                    <div class=\"block--page-header__shape  block--page-header__shape--goes\">\n                <svg preserveaspectratio=\"none\"  viewbox=\"0 0 1440 776\"  class=\"h-100 w-100 d-none d-xl-block\" fill=\"none\" xmlns=\"http:\/\/www.w3.org\/2000\/svg\" aria-hidden=\"true\" focusable=\"false\">\n                    <image href=\"https:\/\/debevelanden.nl\/wp-content\/themes\/debevelanden\/resources\/images\/page-header\/goes.svg\" class=\"h-100 w-100\" x=\"0\" y=\"0\"\/>\n                <\/svg>\n                <svg preserveaspectratio=\"none\"  viewbox=\"0 0 321 238\"  class=\"h-100 w-100 d-block d-xl-none\" fill=\"none\" xmlns=\"http:\/\/www.w3.org\/2000\/svg\" aria-hidden=\"true\" focusable=\"false\">\n                    <image href=\"https:\/\/debevelanden.nl\/wp-content\/themes\/debevelanden\/resources\/images\/page-header\/goes-mobile.svg\" class=\"h-100 w-100\" x=\"0\" y=\"0\"\/>\n                <\/svg>\n            <\/div>\n                <div class=\"block pb-11\">\n                            <div data-aos=\"fade-up\">\n                                    <\/div>\n                    <\/div>\n        <div class=\"container\">\n            <div class=\"row\">\n                <div class=\"col-xl-9\">\n                    <div class=\"block--page-header__title\" data-aos=\"fade-up\">\n                        <h1 class=\"mb-2 mb-lg-5 h1\" >\n        <span class=\"d-none d-lg-block\">\n            Jahrmarkt Goes\n        <\/span>\n\n        <span class=\"d-block d-lg-none\">\n            Jahrmarkt Goes\n        <\/span>\n    <\/h1>\n                    <\/div>\n                <\/div>\n                <div class=\"col-xl-3 mt-auto\">\n                                    <\/div>\n                <div class=\"col-md-11 offset-md-1 mt-6\">\n                    <div data-aos=\"fade-up\" data-aos-delay=\"150\">\n                                                    <figure\n        class=\"image block--page-header__media\"\n        \n    >\n        <img decoding=\"async\"\n            class=\"image__img image-position--center\"\n            src=\"https:\/\/debevelanden.nl\/wp-content\/uploads\/2026\/04\/foto-kermis-4.webp\"\n            alt=\"\"\n            loading=\"lazy\"\n        \/>\n                \n    <\/figure>\n                                            <\/div>\n                <\/div>\n            <\/div>\n        <\/div>\n    <\/section>\n\n\n<section class=\"block text block--text block--double-spacing\">\n        <div class=\"container\">\n            <div class=\"row justify-content-center\">\n                <div class=\"col-xl-6 col-xxl-5\">\n                                        <div class=\"text-wrapper\"><p>Der Jahrmarkt wird auch dieses Jahr wieder ein gro\u00dfes Fest, zu dem jeder herzlich willkommen ist. Ob Sie also Spa\u00df mit Ihren Freunden haben m\u00f6chten oder Lust auf einen sch\u00f6nen Tagesausflug f\u00fcr die ganze Familie haben, kommen Sie zum Jahrmarkt!<\/p>\n<p>&nbsp;<\/p>\n<\/div>\n                    \n                                    <\/div>\n            <\/div>\n        <\/div>\n    <\/section>\n\n\n<section class=\"block agenda-information block--agenda-information block--no-spacing-top\">\n        <div class=\"container\">\n            <div class=\"row justify-content-center\">\n                <div class=\"col-xl-6 col-xxl-5\">\n                    <h2 class=\"mb-4 mb-xl-6 h2\" >\n        <span class=\"d-none d-lg-block\">\n            Information\n        <\/span>\n\n        <span class=\"d-block d-lg-none\">\n            Information\n        <\/span>\n    <\/h2>\n\n                    \n                                            <ul class=\"block--agenda-information__list\">\n                                                            <li>\n                                    <div class=\"block--agenda-information__list__label\">\n                                        <strong>Kategorie<\/strong>\n                                    <\/div>\n                                    <div class=\"block--agenda-information__list__value\">\n                                        Veranstaltungen\n                                    <\/div>\n                                <\/li>\n                                                            <li>\n                                    <div class=\"block--agenda-information__list__label\">\n                                        <strong>Datum<\/strong>\n                                    <\/div>\n                                    <div class=\"block--agenda-information__list__value\">\n                                        <ul class=\"block--agenda-information__list__value__ul\" data-no-translation><li>14 augustus 2026 om 15:00<\/li><li>15 augustus 2026 om 15:00<\/li><li>16 augustus 2026 om 13:00<\/li><li>17 augustus 2026 om 12:00<\/li><li>18 augustus 2026 om 12:00<\/li><li>19 augustus 2026 om 12:00<\/li><li>20 augustus 2026 om 12:00<\/li><\/ul>\n                                    <\/div>\n                                <\/li>\n                                                            <li>\n                                    <div class=\"block--agenda-information__list__label\">\n                                        <strong>Adresse<\/strong>\n                                    <\/div>\n                                    <div class=\"block--agenda-information__list__value\">\n                                        <div data-no-translation>de Grote Markt<\/div>\n                                    <\/div>\n                                <\/li>\n                                                            <li>\n                                    <div class=\"block--agenda-information__list__label\">\n                                        <strong>Gemeente plaats<\/strong>\n                                    <\/div>\n                                    <div class=\"block--agenda-information__list__value\">\n                                        <div data-no-translation>Goes<\/div>\n                                    <\/div>\n                                <\/li>\n                                                            <li>\n                                    <div class=\"block--agenda-information__list__label\">\n                                        <strong>Kosten<\/strong>\n                                    <\/div>\n                                    <div class=\"block--agenda-information__list__value\">\n                                        Kostenlos, Bezahlt\n                                    <\/div>\n                                <\/li>\n                                                            <li>\n                                    <div class=\"block--agenda-information__list__label\">\n                                        <strong>Sprache<\/strong>\n                                    <\/div>\n                                    <div class=\"block--agenda-information__list__value\">\n                                        Niederl\u00e4ndisch\n                                    <\/div>\n                                <\/li>\n                                                            <li>\n                                    <div class=\"block--agenda-information__list__label\">\n                                        <strong>Zielgruppe<\/strong>\n                                    <\/div>\n                                    <div class=\"block--agenda-information__list__value\">\n                                        Mit Kindern, Jung, Erwachsen\n                                    <\/div>\n                                <\/li>\n                                                            <li>\n                                    <div class=\"block--agenda-information__list__label\">\n                                        <strong>Zug\u00e4nglichkeit<\/strong>\n                                    <\/div>\n                                    <div class=\"block--agenda-information__list__value\">\n                                        OV\n                                    <\/div>\n                                <\/li>\n                                                            <li>\n                                    <div class=\"block--agenda-information__list__label\">\n                                        <strong>Anmelden<\/strong>\n                                    <\/div>\n                                    <div class=\"block--agenda-information__list__value\">\n                                        Nein\n                                    <\/div>\n                                <\/li>\n                                                    <\/ul>\n                    \n                <\/div>\n            <\/div>\n        <\/div>\n    <\/section>\n\n\n<section class=\"block three-images block--three-images\">\n        <div class=\"block--three-images__shape\">\n            <svg preserveaspectratio=\"none\" viewbox=\"0 0 1440 876\" class=\"h-100 w-100\" fill=\"none\" xmlns=\"http:\/\/www.w3.org\/2000\/svg\" aria-hidden=\"true\" focusable=\"false\">\n                <image href=\"https:\/\/debevelanden.nl\/wp-content\/themes\/debevelanden\/resources\/images\/three-images-shape-light-green.svg\" class=\"h-100 w-100\" x=\"0\" y=\"0\"\/>\n            <\/svg>\n        <\/div>\n        <div class=\"container\">\n            <div class=\"block--three-images__items d-block d-md-flex justify-content-between\">\n                                    <figure\n        class=\"image block--three-images__items__image block--three-images__items__image--1\"\n        \n    >\n        <img decoding=\"async\"\n            class=\"image__img image-position--center\"\n            src=\"https:\/\/debevelanden.nl\/wp-content\/uploads\/2026\/04\/Foto-kermis-donker-1.webp\"\n            alt=\"\"\n            loading=\"lazy\"\n        \/>\n                \n    <\/figure>\n                                    <figure\n        class=\"image block--three-images__items__image block--three-images__items__image--2\"\n        \n    >\n        <img decoding=\"async\"\n            class=\"image__img image-position--center\"\n            src=\"https:\/\/debevelanden.nl\/wp-content\/uploads\/2026\/04\/foto-kermis-2-e1775819559891.webp\"\n            alt=\"\"\n            loading=\"lazy\"\n        \/>\n                \n    <\/figure>\n                                    <figure\n        class=\"image block--three-images__items__image block--three-images__items__image--3\"\n        \n    >\n        <img decoding=\"async\"\n            class=\"image__img image-position--center\"\n            src=\"https:\/\/debevelanden.nl\/wp-content\/uploads\/2026\/04\/foto-kermis-3.webp\"\n            alt=\"\"\n            loading=\"lazy\"\n        \/>\n                \n    <\/figure>\n                            <\/div>\n        <\/div>\n    <\/section>\n\n\n<section class=\"block agenda-slider block--agenda-slider\">\n        <div class=\"container\">\n            <h2 class=\"mb-4 h2\" >\n        <span class=\"d-none d-lg-block\">\n            Verwandte Aktivit\u00e4ten\n        <\/span>\n\n        <span class=\"d-block d-lg-none\">\n            Verwandte Aktivit\u00e4ten\n        <\/span>\n    <\/h2>\n            <div class=\"block--agenda-slider__swiper swiper-container swiper-box\">\n                <div class=\"swiper-wrapper\">\n                                            \n                        <div class=\"swiper-slide col-xl-4 col-md-6\">\n                            <a href=\"https:\/\/debevelanden.nl\/de\/agenda\/festival-de-veste\/\" class=\"agenda-item\" aria-label=\"Besuche Festival de Veste\">\n                                <figure class=\"agenda-item__image image\">\n                                                                            <img decoding=\"async\" class=\"image__img image-position--center\" src=\"https:\/\/debevelanden.nl\/wp-content\/uploads\/2026\/04\/festival-de-veste-5.webp\" alt=\"Festival de Veste\" loading=\"lazy\">\n                                        \n                                                                    <\/figure>\n\n                                <div class=\"agenda-item__content\">\n                                                                                                                <div class=\"agenda-item__content__date\">19. bis 21. Juni 2026<\/div>\n                                                                        <h3 class=\"h4 mb-0 font-weight-300 mt-4\">Westen-Festival<\/h3>\n                                <\/div>\n                            <\/a>\n                        <\/div>\n                                            \n                        <div class=\"swiper-slide col-xl-4 col-md-6\">\n                            <a href=\"https:\/\/debevelanden.nl\/de\/agenda\/jumpin-de-weel\/\" class=\"agenda-item\" aria-label=\"Bekijk Jumpin de Weel\">\n                                <figure class=\"agenda-item__image image\">\n                                                                            <img decoding=\"async\" class=\"image__img image-position--center\" src=\"https:\/\/debevelanden.nl\/wp-content\/uploads\/2026\/04\/DSC04501_3000.webp\" alt=\"Jumpin de Weel\" loading=\"lazy\">\n                                        <span class=\"image__author\"><span class=\"visually-hidden\">Foto gemacht von: <span data-no-translation>Stichting Landschapspark Borsele<\/span><\/span><span aria-hidden=\"true\">Foto: <span data-no-translation>Stichting Landschapspark Borsele<\/span><\/span><\/span>\n                                                                    <\/figure>\n\n                                <div class=\"agenda-item__content\">\n                                                                                                                <div class=\"agenda-item__content__date\">27 juli t\/m 2 augustus 2026<\/div>\n                                                                        <h3 class=\"h4 mb-0 font-weight-300 mt-4\">Jumpin de Weel<\/h3>\n                                <\/div>\n                            <\/a>\n                        <\/div>\n                                            \n                        <div class=\"swiper-slide col-xl-4 col-md-6\">\n                            <a href=\"https:\/\/debevelanden.nl\/de\/agenda\/trekkertrek\/\" class=\"agenda-item\" aria-label=\"Trekkertrek ansehen\">\n                                <figure class=\"agenda-item__image image\">\n                                                                            <img decoding=\"async\" class=\"image__img image-position--center\" src=\"https:\/\/debevelanden.nl\/wp-content\/uploads\/2026\/04\/IMG_7110.webp\" alt=\"Trekkertrek\" loading=\"lazy\">\n                                        <span class=\"image__author\"><span class=\"visually-hidden\">Foto gemacht von: <span data-no-translation>Stichting Landschapspark Borsele<\/span><\/span><span aria-hidden=\"true\">Foto: <span data-no-translation>Stichting Landschapspark Borsele<\/span><\/span><\/span>\n                                                                    <\/figure>\n\n                                <div class=\"agenda-item__content\">\n                                                                                                                <div class=\"agenda-item__content__date\">29. August 2026<\/div>\n                                                                        <h3 class=\"h4 mb-0 font-weight-300 mt-4\">Traktortrecker<\/h3>\n                                <\/div>\n                            <\/a>\n                        <\/div>\n                                            \n                        <div class=\"swiper-slide col-xl-4 col-md-6\">\n                            <a href=\"https:\/\/debevelanden.nl\/de\/agenda\/infloyd-t-beest\/\" class=\"agenda-item\" aria-label=\"Infloyd @ \u2019t Beest ansehen\">\n                                <figure class=\"agenda-item__image image\">\n                                                                            <img decoding=\"async\" class=\"image__img image-position--center\" src=\"https:\/\/debevelanden.nl\/wp-content\/uploads\/2026\/04\/Infloyd.webp\" alt=\"Infloyd @ &amp;#8217;t Beest\" loading=\"lazy\">\n                                        \n                                                                    <\/figure>\n\n                                <div class=\"agenda-item__content\">\n                                                                                                                <div class=\"agenda-item__content__date\">28 November 2026<\/div>\n                                                                        <h3 class=\"h4 mb-0 font-weight-300 mt-4\">Infloyd @ \u2019t Beest<\/h3>\n                                <\/div>\n                            <\/a>\n                        <\/div>\n                                            \n                        <div class=\"swiper-slide col-xl-4 col-md-6\">\n                            <a href=\"https:\/\/debevelanden.nl\/de\/agenda\/open-monumentendag\/\" class=\"agenda-item\" aria-label=\"Schau Tag der offenen Denkm\u00e4ler\">\n                                <figure class=\"agenda-item__image image\">\n                                                                            <img decoding=\"async\" class=\"image__img image-position--center\" src=\"https:\/\/debevelanden.nl\/wp-content\/uploads\/2026\/04\/Varend-erfgoed-De-Avontuur.webp\" alt=\"Open Monumentendag\" loading=\"lazy\">\n                                        \n                                                                    <\/figure>\n\n                                <div class=\"agenda-item__content\">\n                                                                                                                <div class=\"agenda-item__content__date\">12. September 2026<\/div>\n                                                                        <h3 class=\"h4 mb-0 font-weight-300 mt-4\">Tag der offenen Denkm\u00e4ler<\/h3>\n                                <\/div>\n                            <\/a>\n                        <\/div>\n                                            \n                        <div class=\"swiper-slide col-xl-4 col-md-6\">\n                            <a href=\"https:\/\/debevelanden.nl\/de\/agenda\/ozzy-lives-on-t-beest\/\" class=\"agenda-item\" aria-label=\"Bekijk Ozzy lives on! @ &amp;#8217;t Beest\">\n                                <figure class=\"agenda-item__image image\">\n                                                                            <img decoding=\"async\" class=\"image__img image-position--center\" src=\"https:\/\/debevelanden.nl\/wp-content\/uploads\/2026\/04\/Ozzy-lives-on-e1776850480116-768x722.webp\" alt=\"Ozzy lives on! @ &amp;#8217;t Beest\" loading=\"lazy\">\n                                        \n                                                                    <\/figure>\n\n                                <div class=\"agenda-item__content\">\n                                                                                                                <div class=\"agenda-item__content__date\">19 december 2026<\/div>\n                                                                        <h3 class=\"h4 mb-0 font-weight-300 mt-4\">Ozzy lives on! @ &#8217;t Beest<\/h3>\n                                <\/div>\n                            <\/a>\n                        <\/div>\n                                    <\/div>\n\n                <div class=\"row mt-5\">\n                    <div class=\"col-md-9\">\n                        <a href=\"\/de\/agenda\/\" class=\"btn btn--dark-green mt-4 mt-md-0\">\n                            <span>Alle Aktivit\u00e4ten<\/span>\n                        <\/a>\n                    <\/div>\n                    <div class=\"col-md-3 order-first order-md-last\">\n                        <div class=\"swiper-controls d-flex justify-content-md-end\">\n    <button\n        type=\"button\"\n        class=\"me-5 swiper-button swiper-button--prev block--agenda-slider__swiper__nav block--agenda-slider__swiper__nav-swiper-button--prev\"\n        aria-label=\"Vorheriges Dia\"\n        aria-disabled=\"false\"\n    >\n        <i class=\"icon icon-arrow-left\" aria-hidden=\"true\"><\/i>\n    <\/button>\n    <button\n        type=\"button\"\n        class=\"swiper-button swiper-button--next block--agenda-slider__swiper__nav block--agenda-slider__swiper__nav-swiper-button--next\"\n        aria-label=\"N\u00e4chste Folie\"\n        aria-disabled=\"false\"\n    >\n        <i class=\"icon icon-arrow-right\" aria-hidden=\"true\"><\/i>\n    <\/button>\n<\/div>\n                    <\/div>\n                <\/div>\n            <\/div>\n        <\/div>\n    <\/section>","protected":false},"featured_media":1916,"menu_order":0,"template":"","class_list":["post-1906","agenda","type-agenda","status-publish","has-post-thumbnail","hentry","agenda_cost-gratis","agenda_cost-betaald","agenda_location-goes","agenda_audience-gezinnen-met-kinderen","agenda_audience-jong","agenda_audience-volwassen","agenda_accessibility-ov","agenda_category-evenementen"],"acf":[],"yoast_head":"<!-- This site is optimized with the Yoast SEO plugin v27.3 - https:\/\/yoast.com\/product\/yoast-seo-wordpress\/ -->\n<title>Kermis Goes - De Bevelanden<\/title>\n<meta name=\"description\" content=\"Ontdek de dorpen van De Bevelanden. Van weids en open tot knus en historisch. Beleef een regio verbonden door water en traditie waar je je direct thuis voelt. - Kermis Goes\" \/>\n<meta name=\"robots\" content=\"index, follow, max-snippet:-1, max-image-preview:large, max-video-preview:-1\" \/>\n<link rel=\"canonical\" href=\"https:\/\/debevelanden.nl\/de\/agenda\/kermis-goes\/\" \/>\n<meta property=\"og:locale\" content=\"de_DE\" \/>\n<meta property=\"og:type\" content=\"article\" \/>\n<meta property=\"og:title\" content=\"Kermis Goes - De Bevelanden\" \/>\n<meta property=\"og:description\" content=\"Ontdek de dorpen van De Bevelanden. Van weids en open tot knus en historisch. Beleef een regio verbonden door water en traditie waar je je direct thuis voelt. - Kermis Goes\" \/>\n<meta property=\"og:url\" content=\"https:\/\/debevelanden.nl\/de\/agenda\/kermis-goes\/\" \/>\n<meta property=\"og:site_name\" content=\"De Bevelanden\" \/>\n<meta property=\"article:modified_time\" content=\"2026-04-10T12:13:57+00:00\" \/>\n<meta property=\"og:image\" content=\"https:\/\/debevelanden.nl\/wp-content\/uploads\/2026\/04\/De-4e-dag-van-kermisgoes-zit-er-al-weer-op.-Nog-3-dagen-te-gaan\u2026.-Tot-morgen.webp\" \/>\n\t<meta property=\"og:image:width\" content=\"1080\" \/>\n\t<meta property=\"og:image:height\" content=\"811\" \/>\n\t<meta property=\"og:image:type\" content=\"image\/webp\" \/>\n<meta name=\"twitter:card\" content=\"summary_large_image\" \/>\n<script type=\"application\/ld+json\" class=\"yoast-schema-graph\">{\"@context\":\"https:\\\/\\\/schema.org\",\"@graph\":[{\"@type\":\"WebPage\",\"@id\":\"https:\\\/\\\/debevelanden.nl\\\/agenda\\\/kermis-goes\\\/\",\"url\":\"https:\\\/\\\/debevelanden.nl\\\/agenda\\\/kermis-goes\\\/\",\"name\":\"Kermis Goes - De Bevelanden\",\"isPartOf\":{\"@id\":\"https:\\\/\\\/debevelanden.nl\\\/#website\"},\"primaryImageOfPage\":{\"@id\":\"https:\\\/\\\/debevelanden.nl\\\/agenda\\\/kermis-goes\\\/#primaryimage\"},\"image\":{\"@id\":\"https:\\\/\\\/debevelanden.nl\\\/agenda\\\/kermis-goes\\\/#primaryimage\"},\"thumbnailUrl\":\"https:\\\/\\\/debevelanden.nl\\\/wp-content\\\/uploads\\\/2026\\\/04\\\/De-4e-dag-van-kermisgoes-zit-er-al-weer-op.-Nog-3-dagen-te-gaan\u2026.-Tot-morgen.webp\",\"datePublished\":\"2026-04-10T11:10:52+00:00\",\"dateModified\":\"2026-04-10T12:13:57+00:00\",\"description\":\"Ontdek de dorpen van De Bevelanden. Van weids en open tot knus en historisch. Beleef een regio verbonden door water en traditie waar je je direct thuis voelt. - Kermis Goes\",\"breadcrumb\":{\"@id\":\"https:\\\/\\\/debevelanden.nl\\\/agenda\\\/kermis-goes\\\/#breadcrumb\"},\"inLanguage\":\"de\",\"potentialAction\":[{\"@type\":\"ReadAction\",\"target\":[\"https:\\\/\\\/debevelanden.nl\\\/agenda\\\/kermis-goes\\\/\"]}]},{\"@type\":\"ImageObject\",\"inLanguage\":\"de\",\"@id\":\"https:\\\/\\\/debevelanden.nl\\\/agenda\\\/kermis-goes\\\/#primaryimage\",\"url\":\"https:\\\/\\\/debevelanden.nl\\\/wp-content\\\/uploads\\\/2026\\\/04\\\/De-4e-dag-van-kermisgoes-zit-er-al-weer-op.-Nog-3-dagen-te-gaan\u2026.-Tot-morgen.webp\",\"contentUrl\":\"https:\\\/\\\/debevelanden.nl\\\/wp-content\\\/uploads\\\/2026\\\/04\\\/De-4e-dag-van-kermisgoes-zit-er-al-weer-op.-Nog-3-dagen-te-gaan\u2026.-Tot-morgen.webp\",\"width\":1080,\"height\":811},{\"@type\":\"BreadcrumbList\",\"@id\":\"https:\\\/\\\/debevelanden.nl\\\/agenda\\\/kermis-goes\\\/#breadcrumb\",\"itemListElement\":[{\"@type\":\"ListItem\",\"position\":1,\"name\":\"Home\",\"item\":\"https:\\\/\\\/debevelanden.nl\\\/\"},{\"@type\":\"ListItem\",\"position\":2,\"name\":\"Kermis Goes\"}]},{\"@type\":\"WebSite\",\"@id\":\"https:\\\/\\\/debevelanden.nl\\\/#website\",\"url\":\"https:\\\/\\\/debevelanden.nl\\\/\",\"name\":\"De Bevelanden\",\"description\":\"\",\"potentialAction\":[{\"@type\":\"SearchAction\",\"target\":{\"@type\":\"EntryPoint\",\"urlTemplate\":\"https:\\\/\\\/debevelanden.nl\\\/?s={search_term_string}\"},\"query-input\":{\"@type\":\"PropertyValueSpecification\",\"valueRequired\":true,\"valueName\":\"search_term_string\"}}],\"inLanguage\":\"de\"}]}<\/script>\n<!-- \/ Yoast SEO plugin. -->","yoast_head_json":{"title":"Kermis Goes - De Bevelanden","description":"Ontdek de dorpen van De Bevelanden. Van weids en open tot knus en historisch. Beleef een regio verbonden door water en traditie waar je je direct thuis voelt. - Kermis Goes","robots":{"index":"index","follow":"follow","max-snippet":"max-snippet:-1","max-image-preview":"max-image-preview:large","max-video-preview":"max-video-preview:-1"},"canonical":"https:\/\/debevelanden.nl\/de\/agenda\/kermis-goes\/","og_locale":"de_DE","og_type":"article","og_title":"Kermis Goes - De Bevelanden","og_description":"Ontdek de dorpen van De Bevelanden. Van weids en open tot knus en historisch. Beleef een regio verbonden door water en traditie waar je je direct thuis voelt. - Kermis Goes","og_url":"https:\/\/debevelanden.nl\/de\/agenda\/kermis-goes\/","og_site_name":"De Bevelanden","article_modified_time":"2026-04-10T12:13:57+00:00","og_image":[{"width":1080,"height":811,"url":"https:\/\/debevelanden.nl\/wp-content\/uploads\/2026\/04\/De-4e-dag-van-kermisgoes-zit-er-al-weer-op.-Nog-3-dagen-te-gaan\u2026.-Tot-morgen.webp","type":"image\/webp"}],"twitter_card":"summary_large_image","schema":{"@context":"https:\/\/schema.org","@graph":[{"@type":"WebPage","@id":"https:\/\/debevelanden.nl\/agenda\/kermis-goes\/","url":"https:\/\/debevelanden.nl\/agenda\/kermis-goes\/","name":"Kermis Goes - De Bevelanden","isPartOf":{"@id":"https:\/\/debevelanden.nl\/#website"},"primaryImageOfPage":{"@id":"https:\/\/debevelanden.nl\/agenda\/kermis-goes\/#primaryimage"},"image":{"@id":"https:\/\/debevelanden.nl\/agenda\/kermis-goes\/#primaryimage"},"thumbnailUrl":"https:\/\/debevelanden.nl\/wp-content\/uploads\/2026\/04\/De-4e-dag-van-kermisgoes-zit-er-al-weer-op.-Nog-3-dagen-te-gaan\u2026.-Tot-morgen.webp","datePublished":"2026-04-10T11:10:52+00:00","dateModified":"2026-04-10T12:13:57+00:00","description":"Ontdek de dorpen van De Bevelanden. Van weids en open tot knus en historisch. Beleef een regio verbonden door water en traditie waar je je direct thuis voelt. - Kermis Goes","breadcrumb":{"@id":"https:\/\/debevelanden.nl\/agenda\/kermis-goes\/#breadcrumb"},"inLanguage":"de","potentialAction":[{"@type":"ReadAction","target":["https:\/\/debevelanden.nl\/agenda\/kermis-goes\/"]}]},{"@type":"ImageObject","inLanguage":"de","@id":"https:\/\/debevelanden.nl\/agenda\/kermis-goes\/#primaryimage","url":"https:\/\/debevelanden.nl\/wp-content\/uploads\/2026\/04\/De-4e-dag-van-kermisgoes-zit-er-al-weer-op.-Nog-3-dagen-te-gaan\u2026.-Tot-morgen.webp","contentUrl":"https:\/\/debevelanden.nl\/wp-content\/uploads\/2026\/04\/De-4e-dag-van-kermisgoes-zit-er-al-weer-op.-Nog-3-dagen-te-gaan\u2026.-Tot-morgen.webp","width":1080,"height":811},{"@type":"BreadcrumbList","@id":"https:\/\/debevelanden.nl\/agenda\/kermis-goes\/#breadcrumb","itemListElement":[{"@type":"ListItem","position":1,"name":"Home","item":"https:\/\/debevelanden.nl\/"},{"@type":"ListItem","position":2,"name":"Kermis Goes"}]},{"@type":"WebSite","@id":"https:\/\/debevelanden.nl\/#website","url":"https:\/\/debevelanden.nl\/","name":"De Bevelanden","description":"","potentialAction":[{"@type":"SearchAction","target":{"@type":"EntryPoint","urlTemplate":"https:\/\/debevelanden.nl\/?s={search_term_string}"},"query-input":{"@type":"PropertyValueSpecification","valueRequired":true,"valueName":"search_term_string"}}],"inLanguage":"de"}]}},"_links":{"self":[{"href":"https:\/\/debevelanden.nl\/de\/wp-json\/wp\/v2\/agenda\/1906","targetHints":{"allow":["GET"]}}],"collection":[{"href":"https:\/\/debevelanden.nl\/de\/wp-json\/wp\/v2\/agenda"}],"about":[{"href":"https:\/\/debevelanden.nl\/de\/wp-json\/wp\/v2\/types\/agenda"}],"wp:featuredmedia":[{"embeddable":true,"href":"https:\/\/debevelanden.nl\/de\/wp-json\/wp\/v2\/media\/1916"}],"wp:attachment":[{"href":"https:\/\/debevelanden.nl\/de\/wp-json\/wp\/v2\/media?parent=1906"}],"curies":[{"name":"Welt","href":"https:\/\/api.w.org\/{rel}","templated":true}]}}