{"id":1957,"date":"2026-04-13T11:28:41","date_gmt":"2026-04-13T09:28:41","guid":{"rendered":"https:\/\/debevelanden.nl\/?post_type=agenda&#038;p=1957"},"modified":"2026-04-13T11:28:47","modified_gmt":"2026-04-13T09:28:47","slug":"goes-kinderstad","status":"publish","type":"agenda","link":"https:\/\/debevelanden.nl\/de\/agenda\/goes-kinderstad\/","title":{"rendered":"Goes Kinderstadt"},"content":{"rendered":"<section class=\"block page-header block--page-header\">\n                    <div class=\"block--page-header__shape  block--page-header__shape--goes\">\n                <svg preserveaspectratio=\"none\"  viewbox=\"0 0 1440 776\"  class=\"h-100 w-100 d-none d-xl-block\" fill=\"none\" xmlns=\"http:\/\/www.w3.org\/2000\/svg\" aria-hidden=\"true\" focusable=\"false\">\n                    <image href=\"https:\/\/debevelanden.nl\/wp-content\/themes\/debevelanden\/resources\/images\/page-header\/goes.svg\" class=\"h-100 w-100\" x=\"0\" y=\"0\"\/>\n                <\/svg>\n                <svg preserveaspectratio=\"none\"  viewbox=\"0 0 321 238\"  class=\"h-100 w-100 d-block d-xl-none\" fill=\"none\" xmlns=\"http:\/\/www.w3.org\/2000\/svg\" aria-hidden=\"true\" focusable=\"false\">\n                    <image href=\"https:\/\/debevelanden.nl\/wp-content\/themes\/debevelanden\/resources\/images\/page-header\/goes-mobile.svg\" class=\"h-100 w-100\" x=\"0\" y=\"0\"\/>\n                <\/svg>\n            <\/div>\n                <div class=\"block pb-11\">\n                            <div data-aos=\"fade-up\">\n                                    <\/div>\n                    <\/div>\n        <div class=\"container\">\n            <div class=\"row\">\n                <div class=\"col-xl-9\">\n                    <div class=\"block--page-header__title\" data-aos=\"fade-up\">\n                        <h1 class=\"mb-2 mb-lg-5 h1\" >\n        <span class=\"d-none d-lg-block\">\n            Goes Kinderstadt\n        <\/span>\n\n        <span class=\"d-block d-lg-none\">\n            Goes Kinderstadt\n        <\/span>\n    <\/h1>\n                    <\/div>\n                <\/div>\n                <div class=\"col-xl-3 mt-auto\">\n                                    <\/div>\n                <div class=\"col-md-11 offset-md-1 mt-6\">\n                    <div data-aos=\"fade-up\" data-aos-delay=\"150\">\n                                                    <figure\n        class=\"image block--page-header__media\"\n        \n    >\n        <img decoding=\"async\"\n            class=\"image__img image-position--center\"\n            src=\"https:\/\/debevelanden.nl\/wp-content\/uploads\/2026\/04\/Goes-kinderstad-3.webp\"\n            alt=\"\"\n            loading=\"lazy\"\n        \/>\n                \n    <\/figure>\n                                            <\/div>\n                <\/div>\n            <\/div>\n        <\/div>\n    <\/section>\n\n\n<section class=\"block text block--text block--double-spacing\">\n        <div class=\"container\">\n            <div class=\"row justify-content-center\">\n                <div class=\"col-xl-6 col-xxl-5\">\n                                        <div class=\"text-wrapper\"><p>Goes Kinderstad ist jedes Jahr ein Fest f\u00fcr die ganze Familie, verteilt in der Innenstadt gibt es tolle Aktivit\u00e4ten, an denen man teilnehmen kann! Von der Einsetzung des Kinderparlaments bis hin zu spannenden Attraktionen ist f\u00fcr jeden etwas dabei!<\/p>\n<\/div>\n                    \n                                    <\/div>\n            <\/div>\n        <\/div>\n    <\/section>\n\n\n<section class=\"block agenda-information block--agenda-information block--no-spacing-top\">\n        <div class=\"container\">\n            <div class=\"row justify-content-center\">\n                <div class=\"col-xl-6 col-xxl-5\">\n                    <h2 class=\"mb-4 mb-xl-6 h2\" >\n        <span class=\"d-none d-lg-block\">\n            Information\n        <\/span>\n\n        <span class=\"d-block d-lg-none\">\n            Information\n        <\/span>\n    <\/h2>\n\n                    \n                                            <ul class=\"block--agenda-information__list\">\n                                                            <li>\n                                    <div class=\"block--agenda-information__list__label\">\n                                        <strong>Kategorie<\/strong>\n                                    <\/div>\n                                    <div class=\"block--agenda-information__list__value\">\n                                        Veranstaltungen, Kultur, Sport und Freizeit, Workshops und Kurse, Natur und Outdoor-Aktivit\u00e4ten\n                                    <\/div>\n                                <\/li>\n                                                            <li>\n                                    <div class=\"block--agenda-information__list__label\">\n                                        <strong>Datum<\/strong>\n                                    <\/div>\n                                    <div class=\"block--agenda-information__list__value\">\n                                        22. August 2026 um 10:00 Uhr\n                                    <\/div>\n                                <\/li>\n                                                            <li>\n                                    <div class=\"block--agenda-information__list__label\">\n                                        <strong>Adresse<\/strong>\n                                    <\/div>\n                                    <div class=\"block--agenda-information__list__value\">\n                                        <div data-no-translation>de Grote Markt<\/div>\n                                    <\/div>\n                                <\/li>\n                                                            <li>\n                                    <div class=\"block--agenda-information__list__label\">\n                                        <strong>Gemeente plaats<\/strong>\n                                    <\/div>\n                                    <div class=\"block--agenda-information__list__value\">\n                                        <div data-no-translation>Goes<\/div>\n                                    <\/div>\n                                <\/li>\n                                                            <li>\n                                    <div class=\"block--agenda-information__list__label\">\n                                        <strong>Website<\/strong>\n                                    <\/div>\n                                    <div class=\"block--agenda-information__list__value\">\n                                        <a href=\"https:\/\/www.facebook.com\/GoesKinderstad\/?locale=nl_NL\" target=\"_blank\" rel=\"noopener noreferrer\" aria-label=\"Besuchen Sie die Website (\u00f6ffnet in neuem Fenster)\">Besuchen Sie Website<\/a>\n                                    <\/div>\n                                <\/li>\n                                                            <li>\n                                    <div class=\"block--agenda-information__list__label\">\n                                        <strong>Kosten<\/strong>\n                                    <\/div>\n                                    <div class=\"block--agenda-information__list__value\">\n                                        Kostenlos, Bezahlt\n                                    <\/div>\n                                <\/li>\n                                                            <li>\n                                    <div class=\"block--agenda-information__list__label\">\n                                        <strong>Zielgruppe<\/strong>\n                                    <\/div>\n                                    <div class=\"block--agenda-information__list__value\">\n                                        Mit Kindern, Jung, Erwachsen\n                                    <\/div>\n                                <\/li>\n                                                            <li>\n                                    <div class=\"block--agenda-information__list__label\">\n                                        <strong>Zug\u00e4nglichkeit<\/strong>\n                                    <\/div>\n                                    <div class=\"block--agenda-information__list__value\">\n                                        OV\n                                    <\/div>\n                                <\/li>\n                                                            <li>\n                                    <div class=\"block--agenda-information__list__label\">\n                                        <strong>Anmelden<\/strong>\n                                    <\/div>\n                                    <div class=\"block--agenda-information__list__value\">\n                                        Nein\n                                    <\/div>\n                                <\/li>\n                                                    <\/ul>\n                    \n                <\/div>\n            <\/div>\n        <\/div>\n    <\/section>\n\n\n<section class=\"block three-images block--three-images\">\n        <div class=\"block--three-images__shape\">\n            <svg preserveaspectratio=\"none\" viewbox=\"0 0 1440 876\" class=\"h-100 w-100\" fill=\"none\" xmlns=\"http:\/\/www.w3.org\/2000\/svg\" aria-hidden=\"true\" focusable=\"false\">\n                <image href=\"https:\/\/debevelanden.nl\/wp-content\/themes\/debevelanden\/resources\/images\/three-images-shape-light-green.svg\" class=\"h-100 w-100\" x=\"0\" y=\"0\"\/>\n            <\/svg>\n        <\/div>\n        <div class=\"container\">\n            <div class=\"block--three-images__items d-block d-md-flex justify-content-between\">\n                                    <figure\n        class=\"image block--three-images__items__image block--three-images__items__image--1\"\n        \n    >\n        <img decoding=\"async\"\n            class=\"image__img image-position--center\"\n            src=\"https:\/\/debevelanden.nl\/wp-content\/uploads\/2026\/04\/Goes-kinderstad.webp\"\n            alt=\"\"\n            loading=\"lazy\"\n        \/>\n                \n    <\/figure>\n                                    <figure\n        class=\"image block--three-images__items__image block--three-images__items__image--2\"\n        \n    >\n        <img decoding=\"async\"\n            class=\"image__img image-position--center\"\n            src=\"https:\/\/debevelanden.nl\/wp-content\/uploads\/2026\/04\/Goes-kinderstad-5.webp\"\n            alt=\"\"\n            loading=\"lazy\"\n        \/>\n                \n    <\/figure>\n                                    <figure\n        class=\"image block--three-images__items__image block--three-images__items__image--3\"\n        \n    >\n        <img decoding=\"async\"\n            class=\"image__img image-position--center\"\n            src=\"https:\/\/debevelanden.nl\/wp-content\/uploads\/2026\/04\/Goes-kinderstad-4.webp\"\n            alt=\"\"\n            loading=\"lazy\"\n        \/>\n                \n    <\/figure>\n                            <\/div>\n        <\/div>\n    <\/section>\n\n\n<section class=\"block agenda-slider block--agenda-slider\">\n        <div class=\"container\">\n            <h2 class=\"mb-4 h2\" >\n        <span class=\"d-none d-lg-block\">\n            Verwandte Aktivit\u00e4ten\n        <\/span>\n\n        <span class=\"d-block d-lg-none\">\n            Verwandte Aktivit\u00e4ten\n        <\/span>\n    <\/h2>\n            <div class=\"block--agenda-slider__swiper swiper-container swiper-box\">\n                <div class=\"swiper-wrapper\">\n                                            \n                        <div class=\"swiper-slide col-xl-4 col-md-6\">\n                            <a href=\"https:\/\/debevelanden.nl\/de\/agenda\/orgelconcert-daniel-manso\/\" class=\"agenda-item\" aria-label=\"Orgelkonzert ansehen Dani\u00ebl Manso\">\n                                <figure class=\"agenda-item__image image\">\n                                                                            <img decoding=\"async\" class=\"image__img image-position--center\" src=\"https:\/\/debevelanden.nl\/wp-content\/uploads\/2026\/04\/IMG_4926bew-small-682x1024-1.webp\" alt=\"Orgelconcert Dani\u00ebl Manso\" loading=\"lazy\">\n                                        \n                                                                    <\/figure>\n\n                                <div class=\"agenda-item__content\">\n                                                                                                                <div class=\"agenda-item__content__date\">18. Juli 2026<\/div>\n                                                                        <h3 class=\"h4 mb-0 font-weight-300 mt-4\">Orgelkonzert Dani\u00ebl Manso<\/h3>\n                                <\/div>\n                            <\/a>\n                        <\/div>\n                                            \n                        <div class=\"swiper-slide col-xl-4 col-md-6\">\n                            <a href=\"https:\/\/debevelanden.nl\/de\/agenda\/orgelconcert-edwin-vooijs\/\" class=\"agenda-item\" aria-label=\"Orgelkonzert ansehen: Edwin Vooijs\">\n                                <figure class=\"agenda-item__image image\">\n                                                                            <img decoding=\"async\" class=\"image__img image-position--center\" src=\"https:\/\/debevelanden.nl\/wp-content\/uploads\/2026\/04\/IMG_4926bew-small-682x1024-1.webp\" alt=\"Orgelconcert Edwin Vooijs\" loading=\"lazy\">\n                                        \n                                                                    <\/figure>\n\n                                <div class=\"agenda-item__content\">\n                                                                                                                <div class=\"agenda-item__content__date\">25. Juli 2026<\/div>\n                                                                        <h3 class=\"h4 mb-0 font-weight-300 mt-4\">Orgelkonzert Edwin Vooijs<\/h3>\n                                <\/div>\n                            <\/a>\n                        <\/div>\n                                            \n                        <div class=\"swiper-slide col-xl-4 col-md-6\">\n                            <a href=\"https:\/\/debevelanden.nl\/de\/agenda\/bluesfestival\/\" class=\"agenda-item\" aria-label=\"Bluesfestival Kwadendamme ansehen\">\n                                <figure class=\"agenda-item__image image\">\n                                                                            <img decoding=\"async\" class=\"image__img image-position--center\" src=\"https:\/\/debevelanden.nl\/wp-content\/uploads\/2026\/03\/beuk7155_orig.webp\" alt=\"Bluesfestival Kwadendamme\" loading=\"lazy\">\n                                        \n                                                                    <\/figure>\n\n                                <div class=\"agenda-item__content\">\n                                                                                                                <div class=\"agenda-item__content__date\">8. bis 9. Mai 2026<\/div>\n                                                                        <h3 class=\"h4 mb-0 font-weight-300 mt-4\">Bluesfestival Kwadendamme<\/h3>\n                                <\/div>\n                            <\/a>\n                        <\/div>\n                                            \n                        <div class=\"swiper-slide col-xl-4 col-md-6\">\n                            <a href=\"https:\/\/debevelanden.nl\/de\/agenda\/kermisweekend-heinkenszand\/\" class=\"agenda-item\" aria-label=\"Sieh dir das Kirmeswochenende Heinkenszand an\">\n                                <figure class=\"agenda-item__image image\">\n                                                                            <img decoding=\"async\" class=\"image__img image-position--center\" src=\"https:\/\/debevelanden.nl\/wp-content\/uploads\/2026\/04\/IMG_2761-kl.webp\" alt=\"Kermisweekend Heinkenszand\" loading=\"lazy\">\n                                        <span class=\"image__author\"><span class=\"visually-hidden\">Foto gemacht von: <span data-no-translation>Stichting Landschapspark Borsele<\/span><\/span><span aria-hidden=\"true\">Foto: <span data-no-translation>Stichting Landschapspark Borsele<\/span><\/span><\/span>\n                                                                    <\/figure>\n\n                                <div class=\"agenda-item__content\">\n                                                                                                                <div class=\"agenda-item__content__date\">10. bis 12. Juli 2026<\/div>\n                                                                        <h3 class=\"h4 mb-0 font-weight-300 mt-4\">Kermiswochenende Heinkenszand<\/h3>\n                                <\/div>\n                            <\/a>\n                        <\/div>\n                                            \n                        <div class=\"swiper-slide col-xl-4 col-md-6\">\n                            <a href=\"https:\/\/debevelanden.nl\/de\/agenda\/gluren-bij-de-buren\/\" class=\"agenda-item\" aria-label=\"Schau bei den Nachbarn hinein\">\n                                <figure class=\"agenda-item__image image\">\n                                                                            <img decoding=\"async\" class=\"image__img image-position--center\" src=\"https:\/\/debevelanden.nl\/wp-content\/uploads\/2026\/04\/Gluren-bij-de-buren.webp\" alt=\"Gluren bij de buren\" loading=\"lazy\">\n                                        \n                                                                    <\/figure>\n\n                                <div class=\"agenda-item__content\">\n                                                                                                                <div class=\"agenda-item__content__date\">28. Juni 2026<\/div>\n                                                                        <h3 class=\"h4 mb-0 font-weight-300 mt-4\">Bei den Nachbarn spionieren<\/h3>\n                                <\/div>\n                            <\/a>\n                        <\/div>\n                                            \n                        <div class=\"swiper-slide col-xl-4 col-md-6\">\n                            <a href=\"https:\/\/debevelanden.nl\/de\/agenda\/orgelconcert-everhard-zwart\/\" class=\"agenda-item\" aria-label=\"Orgelkonzert Everhard Zwart ansehen\">\n                                <figure class=\"agenda-item__image image\">\n                                                                            <img decoding=\"async\" class=\"image__img image-position--center\" src=\"https:\/\/debevelanden.nl\/wp-content\/uploads\/2026\/04\/IMG_4926bew-small-682x1024-1.webp\" alt=\"Orgelconcert Everhard Zwart\" loading=\"lazy\">\n                                        \n                                                                    <\/figure>\n\n                                <div class=\"agenda-item__content\">\n                                                                                                                <div class=\"agenda-item__content__date\">29. Juli 2026<\/div>\n                                                                        <h3 class=\"h4 mb-0 font-weight-300 mt-4\">Orgelkonzert Everhard Zwart<\/h3>\n                                <\/div>\n                            <\/a>\n                        <\/div>\n                                    <\/div>\n\n                <div class=\"row mt-5\">\n                    <div class=\"col-md-9\">\n                        <a href=\"\/de\/agenda\/\" class=\"btn btn--dark-green mt-4 mt-md-0\">\n                            <span>Alle Aktivit\u00e4ten<\/span>\n                        <\/a>\n                    <\/div>\n                    <div class=\"col-md-3 order-first order-md-last\">\n                        <div class=\"swiper-controls d-flex justify-content-md-end\">\n    <button\n        type=\"button\"\n        class=\"me-5 swiper-button swiper-button--prev block--agenda-slider__swiper__nav block--agenda-slider__swiper__nav-swiper-button--prev\"\n        aria-label=\"Vorheriges Dia\"\n        aria-disabled=\"false\"\n    >\n        <i class=\"icon icon-arrow-left\" aria-hidden=\"true\"><\/i>\n    <\/button>\n    <button\n        type=\"button\"\n        class=\"swiper-button swiper-button--next block--agenda-slider__swiper__nav block--agenda-slider__swiper__nav-swiper-button--next\"\n        aria-label=\"N\u00e4chste Folie\"\n        aria-disabled=\"false\"\n    >\n        <i class=\"icon icon-arrow-right\" aria-hidden=\"true\"><\/i>\n    <\/button>\n<\/div>\n                    <\/div>\n                <\/div>\n            <\/div>\n        <\/div>\n    <\/section>","protected":false},"featured_media":1958,"menu_order":0,"template":"","class_list":["post-1957","agenda","type-agenda","status-publish","has-post-thumbnail","hentry","agenda_cost-gratis","agenda_cost-betaald","agenda_location-goes","agenda_audience-gezinnen-met-kinderen","agenda_audience-jong","agenda_audience-volwassen","agenda_accessibility-ov","agenda_category-evenementen","agenda_category-cultuur","agenda_category-sport-en-recreatie","agenda_category-workshops-en-cursussen","agenda_category-natuur-en-buitenactiviteiten"],"acf":[],"yoast_head":"<!-- This site is optimized with the Yoast SEO plugin v27.3 - https:\/\/yoast.com\/product\/yoast-seo-wordpress\/ -->\n<title>Goes Kinderstad - De Bevelanden<\/title>\n<meta name=\"description\" content=\"Ontdek de dorpen van De Bevelanden. Van weids en open tot knus en historisch. Beleef een regio verbonden door water en traditie waar je je direct thuis voelt. - Goes Kinderstad\" \/>\n<meta name=\"robots\" content=\"index, follow, max-snippet:-1, max-image-preview:large, max-video-preview:-1\" \/>\n<link rel=\"canonical\" href=\"https:\/\/debevelanden.nl\/de\/agenda\/goes-kinderstad\/\" \/>\n<meta property=\"og:locale\" content=\"de_DE\" \/>\n<meta property=\"og:type\" content=\"article\" \/>\n<meta property=\"og:title\" content=\"Goes Kinderstad - De Bevelanden\" \/>\n<meta property=\"og:description\" content=\"Ontdek de dorpen van De Bevelanden. Van weids en open tot knus en historisch. Beleef een regio verbonden door water en traditie waar je je direct thuis voelt. - Goes Kinderstad\" \/>\n<meta property=\"og:url\" content=\"https:\/\/debevelanden.nl\/de\/agenda\/goes-kinderstad\/\" \/>\n<meta property=\"og:site_name\" content=\"De Bevelanden\" \/>\n<meta property=\"article:modified_time\" content=\"2026-04-13T09:28:47+00:00\" \/>\n<meta property=\"og:image\" content=\"https:\/\/debevelanden.nl\/wp-content\/uploads\/2026\/04\/Goes-kinderstad-2.webp\" \/>\n\t<meta property=\"og:image:width\" content=\"1080\" \/>\n\t<meta property=\"og:image:height\" content=\"1351\" \/>\n\t<meta property=\"og:image:type\" content=\"image\/webp\" \/>\n<meta name=\"twitter:card\" content=\"summary_large_image\" \/>\n<script type=\"application\/ld+json\" class=\"yoast-schema-graph\">{\"@context\":\"https:\\\/\\\/schema.org\",\"@graph\":[{\"@type\":\"WebPage\",\"@id\":\"https:\\\/\\\/debevelanden.nl\\\/agenda\\\/goes-kinderstad\\\/\",\"url\":\"https:\\\/\\\/debevelanden.nl\\\/agenda\\\/goes-kinderstad\\\/\",\"name\":\"Goes Kinderstad - De Bevelanden\",\"isPartOf\":{\"@id\":\"https:\\\/\\\/debevelanden.nl\\\/#website\"},\"primaryImageOfPage\":{\"@id\":\"https:\\\/\\\/debevelanden.nl\\\/agenda\\\/goes-kinderstad\\\/#primaryimage\"},\"image\":{\"@id\":\"https:\\\/\\\/debevelanden.nl\\\/agenda\\\/goes-kinderstad\\\/#primaryimage\"},\"thumbnailUrl\":\"https:\\\/\\\/debevelanden.nl\\\/wp-content\\\/uploads\\\/2026\\\/04\\\/Goes-kinderstad-2.webp\",\"datePublished\":\"2026-04-13T09:28:41+00:00\",\"dateModified\":\"2026-04-13T09:28:47+00:00\",\"description\":\"Ontdek de dorpen van De Bevelanden. Van weids en open tot knus en historisch. Beleef een regio verbonden door water en traditie waar je je direct thuis voelt. - Goes Kinderstad\",\"breadcrumb\":{\"@id\":\"https:\\\/\\\/debevelanden.nl\\\/agenda\\\/goes-kinderstad\\\/#breadcrumb\"},\"inLanguage\":\"de\",\"potentialAction\":[{\"@type\":\"ReadAction\",\"target\":[\"https:\\\/\\\/debevelanden.nl\\\/agenda\\\/goes-kinderstad\\\/\"]}]},{\"@type\":\"ImageObject\",\"inLanguage\":\"de\",\"@id\":\"https:\\\/\\\/debevelanden.nl\\\/agenda\\\/goes-kinderstad\\\/#primaryimage\",\"url\":\"https:\\\/\\\/debevelanden.nl\\\/wp-content\\\/uploads\\\/2026\\\/04\\\/Goes-kinderstad-2.webp\",\"contentUrl\":\"https:\\\/\\\/debevelanden.nl\\\/wp-content\\\/uploads\\\/2026\\\/04\\\/Goes-kinderstad-2.webp\",\"width\":1080,\"height\":1351},{\"@type\":\"BreadcrumbList\",\"@id\":\"https:\\\/\\\/debevelanden.nl\\\/agenda\\\/goes-kinderstad\\\/#breadcrumb\",\"itemListElement\":[{\"@type\":\"ListItem\",\"position\":1,\"name\":\"Home\",\"item\":\"https:\\\/\\\/debevelanden.nl\\\/\"},{\"@type\":\"ListItem\",\"position\":2,\"name\":\"Goes Kinderstad\"}]},{\"@type\":\"WebSite\",\"@id\":\"https:\\\/\\\/debevelanden.nl\\\/#website\",\"url\":\"https:\\\/\\\/debevelanden.nl\\\/\",\"name\":\"De Bevelanden\",\"description\":\"\",\"potentialAction\":[{\"@type\":\"SearchAction\",\"target\":{\"@type\":\"EntryPoint\",\"urlTemplate\":\"https:\\\/\\\/debevelanden.nl\\\/?s={search_term_string}\"},\"query-input\":{\"@type\":\"PropertyValueSpecification\",\"valueRequired\":true,\"valueName\":\"search_term_string\"}}],\"inLanguage\":\"de\"}]}<\/script>\n<!-- \/ Yoast SEO plugin. -->","yoast_head_json":{"title":"Goes Kinderstad - De Bevelanden","description":"Ontdek de dorpen van De Bevelanden. Van weids en open tot knus en historisch. Beleef een regio verbonden door water en traditie waar je je direct thuis voelt. - Goes Kinderstad","robots":{"index":"index","follow":"follow","max-snippet":"max-snippet:-1","max-image-preview":"max-image-preview:large","max-video-preview":"max-video-preview:-1"},"canonical":"https:\/\/debevelanden.nl\/de\/agenda\/goes-kinderstad\/","og_locale":"de_DE","og_type":"article","og_title":"Goes Kinderstad - De Bevelanden","og_description":"Ontdek de dorpen van De Bevelanden. Van weids en open tot knus en historisch. Beleef een regio verbonden door water en traditie waar je je direct thuis voelt. - Goes Kinderstad","og_url":"https:\/\/debevelanden.nl\/de\/agenda\/goes-kinderstad\/","og_site_name":"De Bevelanden","article_modified_time":"2026-04-13T09:28:47+00:00","og_image":[{"width":1080,"height":1351,"url":"https:\/\/debevelanden.nl\/wp-content\/uploads\/2026\/04\/Goes-kinderstad-2.webp","type":"image\/webp"}],"twitter_card":"summary_large_image","schema":{"@context":"https:\/\/schema.org","@graph":[{"@type":"WebPage","@id":"https:\/\/debevelanden.nl\/agenda\/goes-kinderstad\/","url":"https:\/\/debevelanden.nl\/agenda\/goes-kinderstad\/","name":"Goes Kinderstad - De Bevelanden","isPartOf":{"@id":"https:\/\/debevelanden.nl\/#website"},"primaryImageOfPage":{"@id":"https:\/\/debevelanden.nl\/agenda\/goes-kinderstad\/#primaryimage"},"image":{"@id":"https:\/\/debevelanden.nl\/agenda\/goes-kinderstad\/#primaryimage"},"thumbnailUrl":"https:\/\/debevelanden.nl\/wp-content\/uploads\/2026\/04\/Goes-kinderstad-2.webp","datePublished":"2026-04-13T09:28:41+00:00","dateModified":"2026-04-13T09:28:47+00:00","description":"Ontdek de dorpen van De Bevelanden. Van weids en open tot knus en historisch. Beleef een regio verbonden door water en traditie waar je je direct thuis voelt. - Goes Kinderstad","breadcrumb":{"@id":"https:\/\/debevelanden.nl\/agenda\/goes-kinderstad\/#breadcrumb"},"inLanguage":"de","potentialAction":[{"@type":"ReadAction","target":["https:\/\/debevelanden.nl\/agenda\/goes-kinderstad\/"]}]},{"@type":"ImageObject","inLanguage":"de","@id":"https:\/\/debevelanden.nl\/agenda\/goes-kinderstad\/#primaryimage","url":"https:\/\/debevelanden.nl\/wp-content\/uploads\/2026\/04\/Goes-kinderstad-2.webp","contentUrl":"https:\/\/debevelanden.nl\/wp-content\/uploads\/2026\/04\/Goes-kinderstad-2.webp","width":1080,"height":1351},{"@type":"BreadcrumbList","@id":"https:\/\/debevelanden.nl\/agenda\/goes-kinderstad\/#breadcrumb","itemListElement":[{"@type":"ListItem","position":1,"name":"Home","item":"https:\/\/debevelanden.nl\/"},{"@type":"ListItem","position":2,"name":"Goes Kinderstad"}]},{"@type":"WebSite","@id":"https:\/\/debevelanden.nl\/#website","url":"https:\/\/debevelanden.nl\/","name":"De Bevelanden","description":"","potentialAction":[{"@type":"SearchAction","target":{"@type":"EntryPoint","urlTemplate":"https:\/\/debevelanden.nl\/?s={search_term_string}"},"query-input":{"@type":"PropertyValueSpecification","valueRequired":true,"valueName":"search_term_string"}}],"inLanguage":"de"}]}},"_links":{"self":[{"href":"https:\/\/debevelanden.nl\/de\/wp-json\/wp\/v2\/agenda\/1957","targetHints":{"allow":["GET"]}}],"collection":[{"href":"https:\/\/debevelanden.nl\/de\/wp-json\/wp\/v2\/agenda"}],"about":[{"href":"https:\/\/debevelanden.nl\/de\/wp-json\/wp\/v2\/types\/agenda"}],"wp:featuredmedia":[{"embeddable":true,"href":"https:\/\/debevelanden.nl\/de\/wp-json\/wp\/v2\/media\/1958"}],"wp:attachment":[{"href":"https:\/\/debevelanden.nl\/de\/wp-json\/wp\/v2\/media?parent=1957"}],"curies":[{"name":"Welt","href":"https:\/\/api.w.org\/{rel}","templated":true}]}}