{"id":1975,"date":"2026-04-13T16:01:02","date_gmt":"2026-04-13T14:01:02","guid":{"rendered":"https:\/\/debevelanden.nl\/?post_type=agenda&#038;p=1975"},"modified":"2026-04-16T11:14:21","modified_gmt":"2026-04-16T09:14:21","slug":"festival-de-veste","status":"publish","type":"agenda","link":"https:\/\/debevelanden.nl\/de\/agenda\/festival-de-veste\/","title":{"rendered":"Westen-Festival"},"content":{"rendered":"<section class=\"block page-header block--page-header\">\n                    <div class=\"block--page-header__shape  block--page-header__shape--goes\">\n                <svg preserveaspectratio=\"none\"  viewbox=\"0 0 1440 776\"  class=\"h-100 w-100 d-none d-xl-block\" fill=\"none\" xmlns=\"http:\/\/www.w3.org\/2000\/svg\" aria-hidden=\"true\" focusable=\"false\">\n                    <image href=\"https:\/\/debevelanden.nl\/wp-content\/themes\/debevelanden\/resources\/images\/page-header\/goes.svg\" class=\"h-100 w-100\" x=\"0\" y=\"0\"\/>\n                <\/svg>\n                <svg preserveaspectratio=\"none\"  viewbox=\"0 0 321 238\"  class=\"h-100 w-100 d-block d-xl-none\" fill=\"none\" xmlns=\"http:\/\/www.w3.org\/2000\/svg\" aria-hidden=\"true\" focusable=\"false\">\n                    <image href=\"https:\/\/debevelanden.nl\/wp-content\/themes\/debevelanden\/resources\/images\/page-header\/goes-mobile.svg\" class=\"h-100 w-100\" x=\"0\" y=\"0\"\/>\n                <\/svg>\n            <\/div>\n                <div class=\"block pb-11\">\n                            <div data-aos=\"fade-up\">\n                                    <\/div>\n                    <\/div>\n        <div class=\"container\">\n            <div class=\"row\">\n                <div class=\"col-xl-9\">\n                    <div class=\"block--page-header__title\" data-aos=\"fade-up\">\n                        <h1 class=\"mb-2 mb-lg-5 h1\" >\n        <span class=\"d-none d-lg-block\">\n            Westen-Festival\n        <\/span>\n\n        <span class=\"d-block d-lg-none\">\n            Westen-Festival\n        <\/span>\n    <\/h1>\n                    <\/div>\n                <\/div>\n                <div class=\"col-xl-3 mt-auto\">\n                                    <\/div>\n                <div class=\"col-md-11 offset-md-1 mt-6\">\n                    <div data-aos=\"fade-up\" data-aos-delay=\"150\">\n                                                    <figure\n        class=\"image block--page-header__media\"\n        \n    >\n        <img decoding=\"async\"\n            class=\"image__img image-position--center\"\n            src=\"https:\/\/debevelanden.nl\/wp-content\/uploads\/2026\/04\/festival-de-veste.webp\"\n            alt=\"\"\n            loading=\"lazy\"\n        \/>\n                \n    <\/figure>\n                                            <\/div>\n                <\/div>\n            <\/div>\n        <\/div>\n    <\/section>\n\n\n<section class=\"block text block--text block--double-spacing\">\n        <div class=\"container\">\n            <div class=\"row justify-content-center\">\n                <div class=\"col-xl-6 col-xxl-5\">\n                                        <div class=\"text-wrapper\"><p>Festival de Veste speelt zich af rond de historische stadsgrachten, ook wel \u201cde Veste\u201d genoemd, wat zorgt voor een unieke en sfeervolle omgeving.<\/p>\n<p>W\u00e4hrend des Festivals de Veste erwacht die Stadt wirklich zum Leben. \u00dcberall am Wasser und im Zentrum finden Sie B\u00fchnen mit Live-Musik, auf denen sowohl lokale K\u00fcnstler als auch bekanntere Acts auftreten. W\u00e4hrend die Musik spielt, k\u00f6nnen Sie an verschiedenen St\u00e4nden und Foodtrucks vorbeischlendern, an denen Essen und Trinken verkauft wird. Dar\u00fcber hinaus gibt es auch Platz f\u00fcr Stra\u00dfentheater, kleine Darbietungen und andere Formen der Unterhaltung.<\/p>\n<p>Das Festival zieht Menschen jeden Alters an und hat eine gem\u00fctliche, zug\u00e4ngliche Atmosph\u00e4re. Das Festival wird nicht nur wegen der Musik besucht, sondern auch, um gemeinsam die sommerliche Atmosph\u00e4re, das sch\u00f6ne Stadtbild und die vielen Aktivit\u00e4ten, die es zu erleben gibt, zu genie\u00dfen.<\/p>\n<\/div>\n                    \n                                    <\/div>\n            <\/div>\n        <\/div>\n    <\/section>\n\n\n<section class=\"block agenda-information block--agenda-information block--no-spacing-top\">\n        <div class=\"container\">\n            <div class=\"row justify-content-center\">\n                <div class=\"col-xl-6 col-xxl-5\">\n                    <h2 class=\"mb-4 mb-xl-6 h2\" >\n        <span class=\"d-none d-lg-block\">\n            Information\n        <\/span>\n\n        <span class=\"d-block d-lg-none\">\n            Information\n        <\/span>\n    <\/h2>\n\n                    \n                                            <ul class=\"block--agenda-information__list\">\n                                                            <li>\n                                    <div class=\"block--agenda-information__list__label\">\n                                        <strong>Organisation<\/strong>\n                                    <\/div>\n                                    <div class=\"block--agenda-information__list__value\">\n                                        <div data-no-translation>Festival de Veste<\/div>\n                                    <\/div>\n                                <\/li>\n                                                            <li>\n                                    <div class=\"block--agenda-information__list__label\">\n                                        <strong>Kategorie<\/strong>\n                                    <\/div>\n                                    <div class=\"block--agenda-information__list__value\">\n                                        Veranstaltungen, Natur und Outdoor-Aktivit\u00e4ten\n                                    <\/div>\n                                <\/li>\n                                                            <li>\n                                    <div class=\"block--agenda-information__list__label\">\n                                        <strong>Datum<\/strong>\n                                    <\/div>\n                                    <div class=\"block--agenda-information__list__value\">\n                                        <ul class=\"block--agenda-information__list__value__ul\" data-no-translation><li>19 juni 2026, 16:00 &#8211; 23:59<\/li><li>20 juni 2026, 10:00 &#8211; 23:59<\/li><li>21 juni 2026, 11:00 &#8211; 21:00<\/li><\/ul>\n                                    <\/div>\n                                <\/li>\n                                                            <li>\n                                    <div class=\"block--agenda-information__list__label\">\n                                        <strong>Adresse<\/strong>\n                                    <\/div>\n                                    <div class=\"block--agenda-information__list__value\">\n                                        <div data-no-translation>Stadspark De Veste Goes<\/div>\n                                    <\/div>\n                                <\/li>\n                                                            <li>\n                                    <div class=\"block--agenda-information__list__label\">\n                                        <strong>Gemeente plaats<\/strong>\n                                    <\/div>\n                                    <div class=\"block--agenda-information__list__value\">\n                                        <div data-no-translation>Goes<\/div>\n                                    <\/div>\n                                <\/li>\n                                                            <li>\n                                    <div class=\"block--agenda-information__list__label\">\n                                        <strong>Kontakt<\/strong>\n                                    <\/div>\n                                    <div class=\"block--agenda-information__list__value\">\n                                        <div data-no-translation>https:\/\/www.instagram.com\/festival_de_veste\/<\/div>\n                                    <\/div>\n                                <\/li>\n                                                            <li>\n                                    <div class=\"block--agenda-information__list__label\">\n                                        <strong>Kosten<\/strong>\n                                    <\/div>\n                                    <div class=\"block--agenda-information__list__value\">\n                                        Bezahlt\n                                    <\/div>\n                                <\/li>\n                                                            <li>\n                                    <div class=\"block--agenda-information__list__label\">\n                                        <strong>Zielgruppe<\/strong>\n                                    <\/div>\n                                    <div class=\"block--agenda-information__list__value\">\n                                        Mit Kindern, Jung, Erwachsen, Senior\n                                    <\/div>\n                                <\/li>\n                                                            <li>\n                                    <div class=\"block--agenda-information__list__label\">\n                                        <strong>Zug\u00e4nglichkeit<\/strong>\n                                    <\/div>\n                                    <div class=\"block--agenda-information__list__value\">\n                                        OV\n                                    <\/div>\n                                <\/li>\n                                                            <li>\n                                    <div class=\"block--agenda-information__list__label\">\n                                        <strong>Anmelden<\/strong>\n                                    <\/div>\n                                    <div class=\"block--agenda-information__list__value\">\n                                        Nein\n                                    <\/div>\n                                <\/li>\n                                                    <\/ul>\n                    \n                <\/div>\n            <\/div>\n        <\/div>\n    <\/section>\n\n\n<section class=\"block three-images block--three-images\">\n        <div class=\"block--three-images__shape\">\n            <svg preserveaspectratio=\"none\" viewbox=\"0 0 1440 876\" class=\"h-100 w-100\" fill=\"none\" xmlns=\"http:\/\/www.w3.org\/2000\/svg\" aria-hidden=\"true\" focusable=\"false\">\n                <image href=\"https:\/\/debevelanden.nl\/wp-content\/themes\/debevelanden\/resources\/images\/three-images-shape-light-green.svg\" class=\"h-100 w-100\" x=\"0\" y=\"0\"\/>\n            <\/svg>\n        <\/div>\n        <div class=\"container\">\n            <div class=\"block--three-images__items d-block d-md-flex justify-content-between\">\n                                    <figure\n        class=\"image block--three-images__items__image block--three-images__items__image--1\"\n        \n    >\n        <img decoding=\"async\"\n            class=\"image__img image-position--center\"\n            src=\"https:\/\/debevelanden.nl\/wp-content\/uploads\/2026\/04\/festival-de-veste-9-e1776328781343.webp\"\n            alt=\"\"\n            loading=\"lazy\"\n        \/>\n                \n    <\/figure>\n                                    <figure\n        class=\"image block--three-images__items__image block--three-images__items__image--2\"\n        \n    >\n        <img decoding=\"async\"\n            class=\"image__img image-position--center\"\n            src=\"https:\/\/debevelanden.nl\/wp-content\/uploads\/2026\/04\/festival-de-veste-6-e1776261733753.webp\"\n            alt=\"\"\n            loading=\"lazy\"\n        \/>\n                \n    <\/figure>\n                                    <figure\n        class=\"image block--three-images__items__image block--three-images__items__image--3\"\n        \n    >\n        <img decoding=\"async\"\n            class=\"image__img image-position--center\"\n            src=\"https:\/\/debevelanden.nl\/wp-content\/uploads\/2026\/04\/festival-de-veste-8.webp\"\n            alt=\"\"\n            loading=\"lazy\"\n        \/>\n                \n    <\/figure>\n                            <\/div>\n        <\/div>\n    <\/section>\n\n\n<section class=\"block agenda-slider block--agenda-slider\">\n        <div class=\"container\">\n            <h2 class=\"mb-4 h2\" >\n        <span class=\"d-none d-lg-block\">\n            Verwandte Aktivit\u00e4ten\n        <\/span>\n\n        <span class=\"d-block d-lg-none\">\n            Verwandte Aktivit\u00e4ten\n        <\/span>\n    <\/h2>\n            <div class=\"block--agenda-slider__swiper swiper-container swiper-box\">\n                <div class=\"swiper-wrapper\">\n                                            \n                        <div class=\"swiper-slide col-xl-4 col-md-6\">\n                            <a href=\"https:\/\/debevelanden.nl\/de\/agenda\/orgelconcert-bas-koster\/\" class=\"agenda-item\" aria-label=\"Orgelkonzert ansehen Bas Koster\">\n                                <figure class=\"agenda-item__image image\">\n                                                                            <img decoding=\"async\" class=\"image__img image-position--center\" src=\"https:\/\/debevelanden.nl\/wp-content\/uploads\/2026\/04\/IMG_4926bew-small-682x1024-1.webp\" alt=\"Orgelconcert Bas Koster\" loading=\"lazy\">\n                                        \n                                                                    <\/figure>\n\n                                <div class=\"agenda-item__content\">\n                                                                                                                <div class=\"agenda-item__content__date\">21. Juli 2026<\/div>\n                                                                        <h3 class=\"h4 mb-0 font-weight-300 mt-4\">Orgelkonzert Bas Koster<\/h3>\n                                <\/div>\n                            <\/a>\n                        <\/div>\n                                            \n                        <div class=\"swiper-slide col-xl-4 col-md-6\">\n                            <a href=\"https:\/\/debevelanden.nl\/de\/agenda\/vreemde-vrienden\/\" class=\"agenda-item\" aria-label=\"Fremde Freunde ansehen\">\n                                <figure class=\"agenda-item__image image\">\n                                                                            <img decoding=\"async\" class=\"image__img image-position--center\" src=\"https:\/\/debevelanden.nl\/wp-content\/uploads\/2026\/02\/Schermafbeelding-Peter-Kempe-2025-07-17-120017.webp\" alt=\"Vreemde vrienden\" loading=\"lazy\">\n                                        \n                                                                    <\/figure>\n\n                                <div class=\"agenda-item__content\">\n                                                                                                                <div class=\"agenda-item__content__date\">f\u00fcnfzehnter M\u00e4rz zweitausendsiebenundzwanzig<\/div>\n                                                                        <h3 class=\"h4 mb-0 font-weight-300 mt-4\">Fremde Freunde<\/h3>\n                                <\/div>\n                            <\/a>\n                        <\/div>\n                                            \n                        <div class=\"swiper-slide col-xl-4 col-md-6\">\n                            <a href=\"https:\/\/debevelanden.nl\/de\/agenda\/zwarte-bessen-dag\/\" class=\"agenda-item\" aria-label=\"Siehe Tag der schwarzen Johannisbeere\">\n                                <figure class=\"agenda-item__image image\">\n                                                                            <img decoding=\"async\" class=\"image__img image-position--center\" src=\"https:\/\/debevelanden.nl\/wp-content\/uploads\/2026\/02\/bessenstruik.webp\" alt=\"Zwarte bessen dag\" loading=\"lazy\">\n                                        \n                                                                    <\/figure>\n\n                                <div class=\"agenda-item__content\">\n                                                                                                                <div class=\"agenda-item__content__date\">sechzehnter Mai zweitausendsechsundzwanzig<\/div>\n                                                                        <h3 class=\"h4 mb-0 font-weight-300 mt-4\">Tag der schwarzen Johannisbeere<\/h3>\n                                <\/div>\n                            <\/a>\n                        <\/div>\n                                            \n                        <div class=\"swiper-slide col-xl-4 col-md-6\">\n                            <a href=\"https:\/\/debevelanden.nl\/de\/agenda\/eindeloos-eiland-festival-eef\/\" class=\"agenda-item\" aria-label=\"Besuche das Endless Island Festival \u2013 EEF\">\n                                <figure class=\"agenda-item__image image\">\n                                                                            <img decoding=\"async\" class=\"image__img image-position--center\" src=\"https:\/\/debevelanden.nl\/wp-content\/uploads\/2026\/03\/07-05-DSC09302-Export-1.webp\" alt=\"Eindeloos Eiland Festival &amp;#8211; EEF\" loading=\"lazy\">\n                                        \n                                                                    <\/figure>\n\n                                <div class=\"agenda-item__content\">\n                                                                                                                <div class=\"agenda-item__content__date\">11. Juli bis 29. August 2026<\/div>\n                                                                        <h3 class=\"h4 mb-0 font-weight-300 mt-4\">Endloses Insel Festival \u2013 EEF<\/h3>\n                                <\/div>\n                            <\/a>\n                        <\/div>\n                                            \n                        <div class=\"swiper-slide col-xl-4 col-md-6\">\n                            <a href=\"https:\/\/debevelanden.nl\/de\/agenda\/orgelconcert-pieter-van-dijk\/\" class=\"agenda-item\" aria-label=\"Orgelkonzert von Pieter van Dijk ansehen\">\n                                <figure class=\"agenda-item__image image\">\n                                                                            <img decoding=\"async\" class=\"image__img image-position--center\" src=\"https:\/\/debevelanden.nl\/wp-content\/uploads\/2026\/04\/IMG_4926bew-small-682x1024-1.webp\" alt=\"Orgelconcert Pieter van Dijk\" loading=\"lazy\">\n                                        \n                                                                    <\/figure>\n\n                                <div class=\"agenda-item__content\">\n                                                                                                                <div class=\"agenda-item__content__date\">26. August 2026<\/div>\n                                                                        <h3 class=\"h4 mb-0 font-weight-300 mt-4\">Orgelkonzert Pieter van Dijk<\/h3>\n                                <\/div>\n                            <\/a>\n                        <\/div>\n                                            \n                        <div class=\"swiper-slide col-xl-4 col-md-6\">\n                            <a href=\"https:\/\/debevelanden.nl\/de\/agenda\/de-zeeuwse-oase\/\" class=\"agenda-item\" aria-label=\"Die Zeel\u00e4ndische Oase ansehen\">\n                                <figure class=\"agenda-item__image image\">\n                                                                            <img decoding=\"async\" class=\"image__img image-position--center\" src=\"https:\/\/debevelanden.nl\/wp-content\/uploads\/2026\/03\/Zeeuwse-Oase-overig-1.webp\" alt=\"De Zeeuwse Oase\" loading=\"lazy\">\n                                        \n                                                                    <\/figure>\n\n                                <div class=\"agenda-item__content\">\n                                                                                                                <div class=\"agenda-item__content__date\">Jeden Montag, Dienstag, Freitag, Samstag, Sonntag<\/div>\n                                                                        <h3 class=\"h4 mb-0 font-weight-300 mt-4\">Die Zeel\u00e4ndische Oase<\/h3>\n                                <\/div>\n                            <\/a>\n                        <\/div>\n                                    <\/div>\n\n                <div class=\"row mt-5\">\n                    <div class=\"col-md-9\">\n                        <a href=\"\/de\/agenda\/\" class=\"btn btn--dark-green mt-4 mt-md-0\">\n                            <span>Alle Aktivit\u00e4ten<\/span>\n                        <\/a>\n                    <\/div>\n                    <div class=\"col-md-3 order-first order-md-last\">\n                        <div class=\"swiper-controls d-flex justify-content-md-end\">\n    <button\n        type=\"button\"\n        class=\"me-5 swiper-button swiper-button--prev block--agenda-slider__swiper__nav block--agenda-slider__swiper__nav-swiper-button--prev\"\n        aria-label=\"Vorheriges Dia\"\n        aria-disabled=\"false\"\n    >\n        <i class=\"icon icon-arrow-left\" aria-hidden=\"true\"><\/i>\n    <\/button>\n    <button\n        type=\"button\"\n        class=\"swiper-button swiper-button--next block--agenda-slider__swiper__nav block--agenda-slider__swiper__nav-swiper-button--next\"\n        aria-label=\"N\u00e4chste Folie\"\n        aria-disabled=\"false\"\n    >\n        <i class=\"icon icon-arrow-right\" aria-hidden=\"true\"><\/i>\n    <\/button>\n<\/div>\n                    <\/div>\n                <\/div>\n            <\/div>\n        <\/div>\n    <\/section>","protected":false},"featured_media":1983,"menu_order":0,"template":"","class_list":["post-1975","agenda","type-agenda","status-publish","has-post-thumbnail","hentry","agenda_cost-betaald","agenda_location-goes","agenda_audience-gezinnen-met-kinderen","agenda_audience-jong","agenda_audience-volwassen","agenda_audience-senior","agenda_accessibility-ov","agenda_category-evenementen","agenda_category-natuur-en-buitenactiviteiten"],"acf":[],"yoast_head":"<!-- This site is optimized with the Yoast SEO plugin v27.3 - https:\/\/yoast.com\/product\/yoast-seo-wordpress\/ -->\n<title>Festival de Veste - De Bevelanden<\/title>\n<meta name=\"description\" content=\"Ontdek de dorpen van De Bevelanden. Van weids en open tot knus en historisch. Beleef een regio verbonden door water en traditie waar je je direct thuis voelt. - Festival de Veste\" \/>\n<meta name=\"robots\" content=\"index, follow, max-snippet:-1, max-image-preview:large, max-video-preview:-1\" \/>\n<link rel=\"canonical\" href=\"https:\/\/debevelanden.nl\/de\/agenda\/festival-de-veste\/\" \/>\n<meta property=\"og:locale\" content=\"de_DE\" \/>\n<meta property=\"og:type\" content=\"article\" \/>\n<meta property=\"og:title\" content=\"Festival de Veste - De Bevelanden\" \/>\n<meta property=\"og:description\" content=\"Ontdek de dorpen van De Bevelanden. Van weids en open tot knus en historisch. Beleef een regio verbonden door water en traditie waar je je direct thuis voelt. - Festival de Veste\" \/>\n<meta property=\"og:url\" content=\"https:\/\/debevelanden.nl\/de\/agenda\/festival-de-veste\/\" \/>\n<meta property=\"og:site_name\" content=\"De Bevelanden\" \/>\n<meta property=\"article:modified_time\" content=\"2026-04-16T09:14:21+00:00\" \/>\n<meta property=\"og:image\" content=\"https:\/\/debevelanden.nl\/wp-content\/uploads\/2026\/04\/festival-de-veste-5.webp\" \/>\n\t<meta property=\"og:image:width\" content=\"1920\" \/>\n\t<meta property=\"og:image:height\" content=\"1920\" \/>\n\t<meta property=\"og:image:type\" content=\"image\/webp\" \/>\n<meta name=\"twitter:card\" content=\"summary_large_image\" \/>\n<script type=\"application\/ld+json\" class=\"yoast-schema-graph\">{\"@context\":\"https:\\\/\\\/schema.org\",\"@graph\":[{\"@type\":\"WebPage\",\"@id\":\"https:\\\/\\\/debevelanden.nl\\\/agenda\\\/festival-de-veste\\\/\",\"url\":\"https:\\\/\\\/debevelanden.nl\\\/agenda\\\/festival-de-veste\\\/\",\"name\":\"Festival de Veste - De Bevelanden\",\"isPartOf\":{\"@id\":\"https:\\\/\\\/debevelanden.nl\\\/#website\"},\"primaryImageOfPage\":{\"@id\":\"https:\\\/\\\/debevelanden.nl\\\/agenda\\\/festival-de-veste\\\/#primaryimage\"},\"image\":{\"@id\":\"https:\\\/\\\/debevelanden.nl\\\/agenda\\\/festival-de-veste\\\/#primaryimage\"},\"thumbnailUrl\":\"https:\\\/\\\/debevelanden.nl\\\/wp-content\\\/uploads\\\/2026\\\/04\\\/festival-de-veste-5.webp\",\"datePublished\":\"2026-04-13T14:01:02+00:00\",\"dateModified\":\"2026-04-16T09:14:21+00:00\",\"description\":\"Ontdek de dorpen van De Bevelanden. Van weids en open tot knus en historisch. Beleef een regio verbonden door water en traditie waar je je direct thuis voelt. - Festival de Veste\",\"breadcrumb\":{\"@id\":\"https:\\\/\\\/debevelanden.nl\\\/agenda\\\/festival-de-veste\\\/#breadcrumb\"},\"inLanguage\":\"de\",\"potentialAction\":[{\"@type\":\"ReadAction\",\"target\":[\"https:\\\/\\\/debevelanden.nl\\\/agenda\\\/festival-de-veste\\\/\"]}]},{\"@type\":\"ImageObject\",\"inLanguage\":\"de\",\"@id\":\"https:\\\/\\\/debevelanden.nl\\\/agenda\\\/festival-de-veste\\\/#primaryimage\",\"url\":\"https:\\\/\\\/debevelanden.nl\\\/wp-content\\\/uploads\\\/2026\\\/04\\\/festival-de-veste-5.webp\",\"contentUrl\":\"https:\\\/\\\/debevelanden.nl\\\/wp-content\\\/uploads\\\/2026\\\/04\\\/festival-de-veste-5.webp\",\"width\":1920,\"height\":1920},{\"@type\":\"BreadcrumbList\",\"@id\":\"https:\\\/\\\/debevelanden.nl\\\/agenda\\\/festival-de-veste\\\/#breadcrumb\",\"itemListElement\":[{\"@type\":\"ListItem\",\"position\":1,\"name\":\"Home\",\"item\":\"https:\\\/\\\/debevelanden.nl\\\/\"},{\"@type\":\"ListItem\",\"position\":2,\"name\":\"Festival de Veste\"}]},{\"@type\":\"WebSite\",\"@id\":\"https:\\\/\\\/debevelanden.nl\\\/#website\",\"url\":\"https:\\\/\\\/debevelanden.nl\\\/\",\"name\":\"De Bevelanden\",\"description\":\"\",\"potentialAction\":[{\"@type\":\"SearchAction\",\"target\":{\"@type\":\"EntryPoint\",\"urlTemplate\":\"https:\\\/\\\/debevelanden.nl\\\/?s={search_term_string}\"},\"query-input\":{\"@type\":\"PropertyValueSpecification\",\"valueRequired\":true,\"valueName\":\"search_term_string\"}}],\"inLanguage\":\"de\"}]}<\/script>\n<!-- \/ Yoast SEO plugin. -->","yoast_head_json":{"title":"Festival de Veste - De Bevelanden","description":"Ontdek de dorpen van De Bevelanden. Van weids en open tot knus en historisch. Beleef een regio verbonden door water en traditie waar je je direct thuis voelt. - Festival de Veste","robots":{"index":"index","follow":"follow","max-snippet":"max-snippet:-1","max-image-preview":"max-image-preview:large","max-video-preview":"max-video-preview:-1"},"canonical":"https:\/\/debevelanden.nl\/de\/agenda\/festival-de-veste\/","og_locale":"de_DE","og_type":"article","og_title":"Festival de Veste - De Bevelanden","og_description":"Ontdek de dorpen van De Bevelanden. Van weids en open tot knus en historisch. Beleef een regio verbonden door water en traditie waar je je direct thuis voelt. - Festival de Veste","og_url":"https:\/\/debevelanden.nl\/de\/agenda\/festival-de-veste\/","og_site_name":"De Bevelanden","article_modified_time":"2026-04-16T09:14:21+00:00","og_image":[{"width":1920,"height":1920,"url":"https:\/\/debevelanden.nl\/wp-content\/uploads\/2026\/04\/festival-de-veste-5.webp","type":"image\/webp"}],"twitter_card":"summary_large_image","schema":{"@context":"https:\/\/schema.org","@graph":[{"@type":"WebPage","@id":"https:\/\/debevelanden.nl\/agenda\/festival-de-veste\/","url":"https:\/\/debevelanden.nl\/agenda\/festival-de-veste\/","name":"Festival de Veste - De Bevelanden","isPartOf":{"@id":"https:\/\/debevelanden.nl\/#website"},"primaryImageOfPage":{"@id":"https:\/\/debevelanden.nl\/agenda\/festival-de-veste\/#primaryimage"},"image":{"@id":"https:\/\/debevelanden.nl\/agenda\/festival-de-veste\/#primaryimage"},"thumbnailUrl":"https:\/\/debevelanden.nl\/wp-content\/uploads\/2026\/04\/festival-de-veste-5.webp","datePublished":"2026-04-13T14:01:02+00:00","dateModified":"2026-04-16T09:14:21+00:00","description":"Ontdek de dorpen van De Bevelanden. Van weids en open tot knus en historisch. Beleef een regio verbonden door water en traditie waar je je direct thuis voelt. - Festival de Veste","breadcrumb":{"@id":"https:\/\/debevelanden.nl\/agenda\/festival-de-veste\/#breadcrumb"},"inLanguage":"de","potentialAction":[{"@type":"ReadAction","target":["https:\/\/debevelanden.nl\/agenda\/festival-de-veste\/"]}]},{"@type":"ImageObject","inLanguage":"de","@id":"https:\/\/debevelanden.nl\/agenda\/festival-de-veste\/#primaryimage","url":"https:\/\/debevelanden.nl\/wp-content\/uploads\/2026\/04\/festival-de-veste-5.webp","contentUrl":"https:\/\/debevelanden.nl\/wp-content\/uploads\/2026\/04\/festival-de-veste-5.webp","width":1920,"height":1920},{"@type":"BreadcrumbList","@id":"https:\/\/debevelanden.nl\/agenda\/festival-de-veste\/#breadcrumb","itemListElement":[{"@type":"ListItem","position":1,"name":"Home","item":"https:\/\/debevelanden.nl\/"},{"@type":"ListItem","position":2,"name":"Festival de Veste"}]},{"@type":"WebSite","@id":"https:\/\/debevelanden.nl\/#website","url":"https:\/\/debevelanden.nl\/","name":"De Bevelanden","description":"","potentialAction":[{"@type":"SearchAction","target":{"@type":"EntryPoint","urlTemplate":"https:\/\/debevelanden.nl\/?s={search_term_string}"},"query-input":{"@type":"PropertyValueSpecification","valueRequired":true,"valueName":"search_term_string"}}],"inLanguage":"de"}]}},"_links":{"self":[{"href":"https:\/\/debevelanden.nl\/de\/wp-json\/wp\/v2\/agenda\/1975","targetHints":{"allow":["GET"]}}],"collection":[{"href":"https:\/\/debevelanden.nl\/de\/wp-json\/wp\/v2\/agenda"}],"about":[{"href":"https:\/\/debevelanden.nl\/de\/wp-json\/wp\/v2\/types\/agenda"}],"wp:featuredmedia":[{"embeddable":true,"href":"https:\/\/debevelanden.nl\/de\/wp-json\/wp\/v2\/media\/1983"}],"wp:attachment":[{"href":"https:\/\/debevelanden.nl\/de\/wp-json\/wp\/v2\/media?parent=1975"}],"curies":[{"name":"Welt","href":"https:\/\/api.w.org\/{rel}","templated":true}]}}