{"id":2055,"date":"2026-04-23T09:49:57","date_gmt":"2026-04-23T07:49:57","guid":{"rendered":"https:\/\/debevelanden.nl\/?post_type=agenda&#038;p=2055"},"modified":"2026-04-23T09:49:58","modified_gmt":"2026-04-23T07:49:58","slug":"klomppop-festivalweekend","status":"publish","type":"agenda","link":"https:\/\/debevelanden.nl\/de\/agenda\/klomppop-festivalweekend\/","title":{"rendered":"Klomppop Festivalwochenende"},"content":{"rendered":"<section class=\"block page-header block--page-header\">\n                    <div class=\"block--page-header__shape no-breadcrumb block--page-header__shape--borsele\">\n                <svg preserveaspectratio=\"none\"  viewbox=\"0 0 1440 1262\"  class=\"h-100 w-100 d-none d-xl-block\" fill=\"none\" xmlns=\"http:\/\/www.w3.org\/2000\/svg\" aria-hidden=\"true\" focusable=\"false\">\n                    <image href=\"https:\/\/debevelanden.nl\/wp-content\/themes\/debevelanden\/resources\/images\/page-header\/borsele.svg\" class=\"h-100 w-100\" x=\"0\" y=\"0\"\/>\n                <\/svg>\n                <svg preserveaspectratio=\"none\"  viewbox=\"0 0 321 288\"  class=\"h-100 w-100 d-block d-xl-none\" fill=\"none\" xmlns=\"http:\/\/www.w3.org\/2000\/svg\" aria-hidden=\"true\" focusable=\"false\">\n                    <image href=\"https:\/\/debevelanden.nl\/wp-content\/themes\/debevelanden\/resources\/images\/page-header\/borsele-mobile.svg\" class=\"h-100 w-100\" x=\"0\" y=\"0\"\/>\n                <\/svg>\n            <\/div>\n                <div class=\"block pb-11\">\n             \n                <div class=\"pb-5\"><\/div> \n                    <\/div>\n        <div class=\"container\">\n            <div class=\"row\">\n                <div class=\"col-xl-9\">\n                    <div class=\"block--page-header__title\" data-aos=\"fade-up\">\n                        <h1 class=\"mb-2 mb-lg-5 h1\" >\n        <span class=\"d-none d-lg-block\">\n            Klomppop Festivalwochenende\n        <\/span>\n\n        <span class=\"d-block d-lg-none\">\n            Klomppop Festivalwochenende\n        <\/span>\n    <\/h1>\n                    <\/div>\n                <\/div>\n                <div class=\"col-xl-3 mt-auto\">\n                                    <\/div>\n                <div class=\"col-md-11 offset-md-1 mt-6\">\n                    <div data-aos=\"fade-up\" data-aos-delay=\"150\">\n                                                    <figure\n        class=\"image block--page-header__media\"\n        \n    >\n        <img decoding=\"async\"\n            class=\"image__img image-position--center\"\n            src=\"https:\/\/debevelanden.nl\/wp-content\/uploads\/2026\/04\/2025_Wodan_Boys_Lotte-2-van-5.webp\"\n            alt=\"\"\n            loading=\"lazy\"\n        \/>\n                    <figcaption class=\"image__author\">\n                <span class=\"visually-hidden\">Foto gemacht von: <span data-no-translation>Stichting Landschapspark Borsele<\/span><\/span>\n                <span aria-hidden=\"true\">Foto: <span data-no-translation>Stichting Landschapspark Borsele<\/span><\/span>\n            <\/figcaption>\n                \n    <\/figure>\n                                            <\/div>\n                <\/div>\n            <\/div>\n        <\/div>\n    <\/section>\n\n\n<section class=\"block text block--text block--double-spacing\">\n        <div class=\"container\">\n            <div class=\"row justify-content-center\">\n                <div class=\"col-xl-6 col-xxl-5\">\n                                        <div class=\"text-wrapper\"><p>Das Klomppop Festival 2026 findet vom 29. bis 31. Mai in Ovezande statt und ist bekannt als ein vielseitiges Festivalwochenende f\u00fcr Jung und Alt. Am Freitag er\u00f6ffnet das Festival mit den ersten gro\u00dfen Live-Auftritten und einer energiegeladenen Festivalatmosph\u00e4re, womit das Wochenende sofort gut beginnt. Samstag ist traditionell der gesch\u00e4ftigste Tag, mit den meisten Bands, Foodtrucks, Stra\u00dfenkunst und zahlreichen Aktivit\u00e4ten auf dem gesamten Gel\u00e4nde. Am Sonntag gibt es Raum f\u00fcr einen entspannteren Abschluss mit Musik, Familienunterhaltung und \u00fcberraschenden Auftritten. Neben Musik k\u00f6nnen Besucher gutes Essen, gem\u00fctliche Terrassen und eine einzigartige seel\u00e4ndische Festivalatmosph\u00e4re genie\u00dfen. Dadurch ist Klomppop auch 2026 wieder eines der beliebtesten Festivals in Zeeland.<\/p>\n<\/div>\n                    \n                                    <\/div>\n            <\/div>\n        <\/div>\n    <\/section>\n\n\n<section class=\"block agenda-information block--agenda-information block--no-spacing-top\">\n        <div class=\"container\">\n            <div class=\"row justify-content-center\">\n                <div class=\"col-xl-6 col-xxl-5\">\n                    <h2 class=\"mb-4 mb-xl-6 h2\" >\n        <span class=\"d-none d-lg-block\">\n            Information\n        <\/span>\n\n        <span class=\"d-block d-lg-none\">\n            Information\n        <\/span>\n    <\/h2>\n\n                    \n                                            <ul class=\"block--agenda-information__list\">\n                                                            <li>\n                                    <div class=\"block--agenda-information__list__label\">\n                                        <strong>Organisation<\/strong>\n                                    <\/div>\n                                    <div class=\"block--agenda-information__list__value\">\n                                        <div data-no-translation>Klomppop Festival<\/div>\n                                    <\/div>\n                                <\/li>\n                                                            <li>\n                                    <div class=\"block--agenda-information__list__label\">\n                                        <strong>Kategorie<\/strong>\n                                    <\/div>\n                                    <div class=\"block--agenda-information__list__value\">\n                                        Veranstaltungen, Natur und Outdoor-Aktivit\u00e4ten\n                                    <\/div>\n                                <\/li>\n                                                            <li>\n                                    <div class=\"block--agenda-information__list__label\">\n                                        <strong>Datum<\/strong>\n                                    <\/div>\n                                    <div class=\"block--agenda-information__list__value\">\n                                        <ul class=\"block--agenda-information__list__value__ul\" data-no-translation><li>29 om 17:30 t\/m 30 mei 2026 om 01:00<\/li><li>30 om 14:00 t\/m 31 mei 2026 om 01:00<\/li><li>31 mei 2026, 12:30 &#8211; 23:59<\/li><\/ul>\n                                    <\/div>\n                                <\/li>\n                                                            <li>\n                                    <div class=\"block--agenda-information__list__label\">\n                                        <strong>Adresse<\/strong>\n                                    <\/div>\n                                    <div class=\"block--agenda-information__list__value\">\n                                        <div data-no-translation>Nieuwstraat 31 Ovezande<\/div>\n                                    <\/div>\n                                <\/li>\n                                                            <li>\n                                    <div class=\"block--agenda-information__list__label\">\n                                        <strong>Gemeente plaats<\/strong>\n                                    <\/div>\n                                    <div class=\"block--agenda-information__list__value\">\n                                        <div data-no-translation>Borsele<\/div>\n                                    <\/div>\n                                <\/li>\n                                                            <li>\n                                    <div class=\"block--agenda-information__list__label\">\n                                        <strong>Kontakt<\/strong>\n                                    <\/div>\n                                    <div class=\"block--agenda-information__list__value\">\n                                        <div data-no-translation>www.instagram.com\/klomppop<\/div>\n                                    <\/div>\n                                <\/li>\n                                                            <li>\n                                    <div class=\"block--agenda-information__list__label\">\n                                        <strong>Website<\/strong>\n                                    <\/div>\n                                    <div class=\"block--agenda-information__list__value\">\n                                        <a href=\"https:\/\/www.klomppop.nl\/\" target=\"_blank\" rel=\"noopener noreferrer\" aria-label=\"Besuchen Sie die Website (\u00f6ffnet in neuem Fenster)\">Besuchen Sie Website<\/a>\n                                    <\/div>\n                                <\/li>\n                                                            <li>\n                                    <div class=\"block--agenda-information__list__label\">\n                                        <strong>Kosten<\/strong>\n                                    <\/div>\n                                    <div class=\"block--agenda-information__list__value\">\n                                        Bezahlt\n                                    <\/div>\n                                <\/li>\n                                                            <li>\n                                    <div class=\"block--agenda-information__list__label\">\n                                        <strong>Zielgruppe<\/strong>\n                                    <\/div>\n                                    <div class=\"block--agenda-information__list__value\">\n                                        Mit Kindern, Jung, Erwachsen, Senior\n                                    <\/div>\n                                <\/li>\n                                                            <li>\n                                    <div class=\"block--agenda-information__list__label\">\n                                        <strong>Zug\u00e4nglichkeit<\/strong>\n                                    <\/div>\n                                    <div class=\"block--agenda-information__list__value\">\n                                        Rollstuhlgerecht\n                                    <\/div>\n                                <\/li>\n                                                            <li>\n                                    <div class=\"block--agenda-information__list__label\">\n                                        <strong>Anmelden<\/strong>\n                                    <\/div>\n                                    <div class=\"block--agenda-information__list__value\">\n                                        Ja\n                                    <\/div>\n                                <\/li>\n                                                    <\/ul>\n                    \n                <\/div>\n            <\/div>\n        <\/div>\n    <\/section>\n\n\n<section class=\"block three-images block--three-images\">\n        <div class=\"block--three-images__shape\">\n            <svg preserveaspectratio=\"none\" viewbox=\"0 0 1440 876\" class=\"h-100 w-100\" fill=\"none\" xmlns=\"http:\/\/www.w3.org\/2000\/svg\" aria-hidden=\"true\" focusable=\"false\">\n                <image href=\"https:\/\/debevelanden.nl\/wp-content\/themes\/debevelanden\/resources\/images\/three-images-shape-light-green.svg\" class=\"h-100 w-100\" x=\"0\" y=\"0\"\/>\n            <\/svg>\n        <\/div>\n        <div class=\"container\">\n            <div class=\"block--three-images__items d-block d-md-flex justify-content-between\">\n                                    <figure\n        class=\"image block--three-images__items__image block--three-images__items__image--1\"\n        \n    >\n        <img decoding=\"async\"\n            class=\"image__img image-position--center\"\n            src=\"https:\/\/debevelanden.nl\/wp-content\/uploads\/2026\/04\/20250D3A6763.webp\"\n            alt=\"\"\n            loading=\"lazy\"\n        \/>\n                    <figcaption class=\"image__author\">\n                <span class=\"visually-hidden\">Foto gemacht von: <span data-no-translation>Stichting Landschapspark Borsele<\/span><\/span>\n                <span aria-hidden=\"true\">Foto: <span data-no-translation>Stichting Landschapspark Borsele<\/span><\/span>\n            <\/figcaption>\n                \n    <\/figure>\n                                    <figure\n        class=\"image block--three-images__items__image block--three-images__items__image--2\"\n        \n    >\n        <img decoding=\"async\"\n            class=\"image__img image-position--center\"\n            src=\"https:\/\/debevelanden.nl\/wp-content\/uploads\/2026\/04\/2025_Klomppop_zaterdag_Lotte-10-van-12.webp\"\n            alt=\"\"\n            loading=\"lazy\"\n        \/>\n                    <figcaption class=\"image__author\">\n                <span class=\"visually-hidden\">Foto gemacht von: <span data-no-translation>Stichting Landschapspark Borsele<\/span><\/span>\n                <span aria-hidden=\"true\">Foto: <span data-no-translation>Stichting Landschapspark Borsele<\/span><\/span>\n            <\/figcaption>\n                \n    <\/figure>\n                                    <figure\n        class=\"image block--three-images__items__image block--three-images__items__image--3\"\n        \n    >\n        <img decoding=\"async\"\n            class=\"image__img image-position--center\"\n            src=\"https:\/\/debevelanden.nl\/wp-content\/uploads\/2026\/04\/IMG_0791.webp\"\n            alt=\"\"\n            loading=\"lazy\"\n        \/>\n                    <figcaption class=\"image__author\">\n                <span class=\"visually-hidden\">Foto gemacht von: <span data-no-translation>Stichting Landschapspark Borsele<\/span><\/span>\n                <span aria-hidden=\"true\">Foto: <span data-no-translation>Stichting Landschapspark Borsele<\/span><\/span>\n            <\/figcaption>\n                \n    <\/figure>\n                            <\/div>\n        <\/div>\n    <\/section>\n\n\n<section class=\"block agenda-slider block--agenda-slider\">\n        <div class=\"container\">\n            <h2 class=\"mb-4 h2\" >\n        <span class=\"d-none d-lg-block\">\n            Verwandte Aktivit\u00e4ten\n        <\/span>\n\n        <span class=\"d-block d-lg-none\">\n            Verwandte Aktivit\u00e4ten\n        <\/span>\n    <\/h2>\n            <div class=\"block--agenda-slider__swiper swiper-container swiper-box\">\n                <div class=\"swiper-wrapper\">\n                                            \n                        <div class=\"swiper-slide col-xl-4 col-md-6\">\n                            <a href=\"https:\/\/debevelanden.nl\/de\/agenda\/oranje-orgelconcert-grote-kerk\/\" class=\"agenda-item\" aria-label=\"Oranje-Orgelkonzert Gro\u00dfe Kirche anschauen\">\n                                <figure class=\"agenda-item__image image\">\n                                                                            <img decoding=\"async\" class=\"image__img image-position--center\" src=\"https:\/\/debevelanden.nl\/wp-content\/uploads\/2026\/03\/Goes_Grote-of-Maria-Magdalenakerk_foto-Arno-van-Wijk-03.webp\" alt=\"Oranje-Orgelconcert Grote Kerk\" loading=\"lazy\">\n                                        \n                                                                    <\/figure>\n\n                                <div class=\"agenda-item__content\">\n                                                                                                                <div class=\"agenda-item__content__date\">2. Mai 2026<\/div>\n                                                                        <h3 class=\"h4 mb-0 font-weight-300 mt-4\">Oranje-Orgelkonzert Grote Kerk<\/h3>\n                                <\/div>\n                            <\/a>\n                        <\/div>\n                                            \n                        <div class=\"swiper-slide col-xl-4 col-md-6\">\n                            <a href=\"https:\/\/debevelanden.nl\/de\/agenda\/jumpin-de-weel\/\" class=\"agenda-item\" aria-label=\"Bekijk Jumpin de Weel\">\n                                <figure class=\"agenda-item__image image\">\n                                                                            <img decoding=\"async\" class=\"image__img image-position--center\" src=\"https:\/\/debevelanden.nl\/wp-content\/uploads\/2026\/04\/DSC04501_3000.webp\" alt=\"Jumpin de Weel\" loading=\"lazy\">\n                                        <span class=\"image__author\"><span class=\"visually-hidden\">Foto gemacht von: <span data-no-translation>Stichting Landschapspark Borsele<\/span><\/span><span aria-hidden=\"true\">Foto: <span data-no-translation>Stichting Landschapspark Borsele<\/span><\/span><\/span>\n                                                                    <\/figure>\n\n                                <div class=\"agenda-item__content\">\n                                                                                                                <div class=\"agenda-item__content__date\">27 juli t\/m 2 augustus 2026<\/div>\n                                                                        <h3 class=\"h4 mb-0 font-weight-300 mt-4\">Jumpin de Weel<\/h3>\n                                <\/div>\n                            <\/a>\n                        <\/div>\n                                            \n                        <div class=\"swiper-slide col-xl-4 col-md-6\">\n                            <a href=\"https:\/\/debevelanden.nl\/de\/agenda\/peerock\/\" class=\"agenda-item\" aria-label=\"Sieh PeeRock\">\n                                <figure class=\"agenda-item__image image\">\n                                                                            <img decoding=\"async\" class=\"image__img image-position--center\" src=\"https:\/\/debevelanden.nl\/wp-content\/uploads\/2026\/04\/Peerock-2023_091.webp\" alt=\"PeeRock\" loading=\"lazy\">\n                                        \n                                                                    <\/figure>\n\n                                <div class=\"agenda-item__content\">\n                                                                                                                <div class=\"agenda-item__content__date\">24. bis 25. Juli 2026<\/div>\n                                                                        <h3 class=\"h4 mb-0 font-weight-300 mt-4\">PeeRock<\/h3>\n                                <\/div>\n                            <\/a>\n                        <\/div>\n                                            \n                        <div class=\"swiper-slide col-xl-4 col-md-6\">\n                            <a href=\"https:\/\/debevelanden.nl\/de\/agenda\/orgelconcert-jan-hogendoorn\/\" class=\"agenda-item\" aria-label=\"Schau Orgelkonzert Jan Hogendoorn\">\n                                <figure class=\"agenda-item__image image\">\n                                                                            <img decoding=\"async\" class=\"image__img image-position--center\" src=\"https:\/\/debevelanden.nl\/wp-content\/uploads\/2026\/04\/IMG_4926bew-small-682x1024-1.webp\" alt=\"Orgelconcert Jan Hogendoorn\" loading=\"lazy\">\n                                        \n                                                                    <\/figure>\n\n                                <div class=\"agenda-item__content\">\n                                                                                                                <div class=\"agenda-item__content__date\">vierzehnter Juli zweitausendsechsundzwanzig<\/div>\n                                                                        <h3 class=\"h4 mb-0 font-weight-300 mt-4\">Orgelsolo Jan Hogendoorn<\/h3>\n                                <\/div>\n                            <\/a>\n                        <\/div>\n                                            \n                        <div class=\"swiper-slide col-xl-4 col-md-6\">\n                            <a href=\"https:\/\/debevelanden.nl\/de\/agenda\/snuffelmarkt-goes\/\" class=\"agenda-item\" aria-label=\"Ansicht Schnuffelmarkt Goes\">\n                                <figure class=\"agenda-item__image image\">\n                                                                            <img decoding=\"async\" class=\"image__img image-position--center\" src=\"https:\/\/debevelanden.nl\/wp-content\/uploads\/2026\/02\/Snuffelmarkt.webp\" alt=\"Snuffelmarkt Goes\" loading=\"lazy\">\n                                        \n                                                                    <\/figure>\n\n                                <div class=\"agenda-item__content\">\n                                                                                                                <div class=\"agenda-item__content__date\">6. April bis 27. September 2026<\/div>\n                                                                        <h3 class=\"h4 mb-0 font-weight-300 mt-4\">Flohmarkt Goes<\/h3>\n                                <\/div>\n                            <\/a>\n                        <\/div>\n                                            \n                        <div class=\"swiper-slide col-xl-4 col-md-6\">\n                            <a href=\"https:\/\/debevelanden.nl\/de\/agenda\/schuurfeest-nieuwdorp\/\" class=\"agenda-item\" aria-label=\"Schuurfeest Nieuwdorp ansehen\">\n                                <figure class=\"agenda-item__image image\">\n                                                                            <img decoding=\"async\" class=\"image__img image-position--center\" src=\"https:\/\/debevelanden.nl\/wp-content\/uploads\/2026\/03\/Scherm_afbeelding-2026-03-13-om-10.33.52.webp\" alt=\"Schuurfeest Nieuwdorp\" loading=\"lazy\">\n                                        \n                                                                    <\/figure>\n\n                                <div class=\"agenda-item__content\">\n                                                                                                                <div class=\"agenda-item__content__date\">14. M\u00e4rz 2027<\/div>\n                                                                        <h3 class=\"h4 mb-0 font-weight-300 mt-4\">Scheunenfest Nieuwdorp<\/h3>\n                                <\/div>\n                            <\/a>\n                        <\/div>\n                                    <\/div>\n\n                <div class=\"row mt-5\">\n                    <div class=\"col-md-9\">\n                        <a href=\"\/de\/agenda\/\" class=\"btn btn--dark-green mt-4 mt-md-0\">\n                            <span>Alle Aktivit\u00e4ten<\/span>\n                        <\/a>\n                    <\/div>\n                    <div class=\"col-md-3 order-first order-md-last\">\n                        <div class=\"swiper-controls d-flex justify-content-md-end\">\n    <button\n        type=\"button\"\n        class=\"me-5 swiper-button swiper-button--prev block--agenda-slider__swiper__nav block--agenda-slider__swiper__nav-swiper-button--prev\"\n        aria-label=\"Vorheriges Dia\"\n        aria-disabled=\"false\"\n    >\n        <i class=\"icon icon-arrow-left\" aria-hidden=\"true\"><\/i>\n    <\/button>\n    <button\n        type=\"button\"\n        class=\"swiper-button swiper-button--next block--agenda-slider__swiper__nav block--agenda-slider__swiper__nav-swiper-button--next\"\n        aria-label=\"N\u00e4chste Folie\"\n        aria-disabled=\"false\"\n    >\n        <i class=\"icon icon-arrow-right\" aria-hidden=\"true\"><\/i>\n    <\/button>\n<\/div>\n                    <\/div>\n                <\/div>\n            <\/div>\n        <\/div>\n    <\/section>","protected":false},"featured_media":2061,"menu_order":0,"template":"","class_list":["post-2055","agenda","type-agenda","status-publish","has-post-thumbnail","hentry","agenda_cost-betaald","agenda_location-borsele","agenda_audience-gezinnen-met-kinderen","agenda_audience-jong","agenda_audience-volwassen","agenda_audience-senior","agenda_accessibility-rolstoeltoegankelijk","agenda_category-evenementen","agenda_category-natuur-en-buitenactiviteiten"],"acf":[],"yoast_head":"<!-- This site is optimized with the Yoast SEO plugin v27.3 - https:\/\/yoast.com\/product\/yoast-seo-wordpress\/ -->\n<title>Klomppop Festivalweekend - De Bevelanden<\/title>\n<meta name=\"description\" content=\"Ontdek de dorpen van De Bevelanden. Van weids en open tot knus en historisch. Beleef een regio verbonden door water en traditie waar je je direct thuis voelt. - Klomppop Festivalweekend\" \/>\n<meta name=\"robots\" content=\"index, follow, max-snippet:-1, max-image-preview:large, max-video-preview:-1\" \/>\n<link rel=\"canonical\" href=\"https:\/\/debevelanden.nl\/de\/agenda\/klomppop-festivalweekend\/\" \/>\n<meta property=\"og:locale\" content=\"de_DE\" \/>\n<meta property=\"og:type\" content=\"article\" \/>\n<meta property=\"og:title\" content=\"Klomppop Festivalweekend - De Bevelanden\" \/>\n<meta property=\"og:description\" content=\"Ontdek de dorpen van De Bevelanden. Van weids en open tot knus en historisch. Beleef een regio verbonden door water en traditie waar je je direct thuis voelt. - Klomppop Festivalweekend\" \/>\n<meta property=\"og:url\" content=\"https:\/\/debevelanden.nl\/de\/agenda\/klomppop-festivalweekend\/\" \/>\n<meta property=\"og:site_name\" content=\"De Bevelanden\" \/>\n<meta property=\"article:modified_time\" content=\"2026-04-23T07:49:58+00:00\" \/>\n<meta property=\"og:image\" content=\"https:\/\/debevelanden.nl\/wp-content\/uploads\/2026\/04\/2025_Wodan_Boys_Lotte-2-van-5.webp\" \/>\n\t<meta property=\"og:image:width\" content=\"1920\" \/>\n\t<meta property=\"og:image:height\" content=\"1280\" \/>\n\t<meta property=\"og:image:type\" content=\"image\/webp\" \/>\n<meta name=\"twitter:card\" content=\"summary_large_image\" \/>\n<script type=\"application\/ld+json\" class=\"yoast-schema-graph\">{\"@context\":\"https:\\\/\\\/schema.org\",\"@graph\":[{\"@type\":\"WebPage\",\"@id\":\"https:\\\/\\\/debevelanden.nl\\\/agenda\\\/klomppop-festivalweekend\\\/\",\"url\":\"https:\\\/\\\/debevelanden.nl\\\/agenda\\\/klomppop-festivalweekend\\\/\",\"name\":\"Klomppop Festivalweekend - De Bevelanden\",\"isPartOf\":{\"@id\":\"https:\\\/\\\/debevelanden.nl\\\/#website\"},\"primaryImageOfPage\":{\"@id\":\"https:\\\/\\\/debevelanden.nl\\\/agenda\\\/klomppop-festivalweekend\\\/#primaryimage\"},\"image\":{\"@id\":\"https:\\\/\\\/debevelanden.nl\\\/agenda\\\/klomppop-festivalweekend\\\/#primaryimage\"},\"thumbnailUrl\":\"https:\\\/\\\/debevelanden.nl\\\/wp-content\\\/uploads\\\/2026\\\/04\\\/2025_Wodan_Boys_Lotte-2-van-5.webp\",\"datePublished\":\"2026-04-23T07:49:57+00:00\",\"dateModified\":\"2026-04-23T07:49:58+00:00\",\"description\":\"Ontdek de dorpen van De Bevelanden. Van weids en open tot knus en historisch. Beleef een regio verbonden door water en traditie waar je je direct thuis voelt. - Klomppop Festivalweekend\",\"breadcrumb\":{\"@id\":\"https:\\\/\\\/debevelanden.nl\\\/agenda\\\/klomppop-festivalweekend\\\/#breadcrumb\"},\"inLanguage\":\"de\",\"potentialAction\":[{\"@type\":\"ReadAction\",\"target\":[\"https:\\\/\\\/debevelanden.nl\\\/agenda\\\/klomppop-festivalweekend\\\/\"]}]},{\"@type\":\"ImageObject\",\"inLanguage\":\"de\",\"@id\":\"https:\\\/\\\/debevelanden.nl\\\/agenda\\\/klomppop-festivalweekend\\\/#primaryimage\",\"url\":\"https:\\\/\\\/debevelanden.nl\\\/wp-content\\\/uploads\\\/2026\\\/04\\\/2025_Wodan_Boys_Lotte-2-van-5.webp\",\"contentUrl\":\"https:\\\/\\\/debevelanden.nl\\\/wp-content\\\/uploads\\\/2026\\\/04\\\/2025_Wodan_Boys_Lotte-2-van-5.webp\",\"width\":1920,\"height\":1280},{\"@type\":\"BreadcrumbList\",\"@id\":\"https:\\\/\\\/debevelanden.nl\\\/agenda\\\/klomppop-festivalweekend\\\/#breadcrumb\",\"itemListElement\":[{\"@type\":\"ListItem\",\"position\":1,\"name\":\"Home\",\"item\":\"https:\\\/\\\/debevelanden.nl\\\/\"},{\"@type\":\"ListItem\",\"position\":2,\"name\":\"Klomppop Festivalweekend\"}]},{\"@type\":\"WebSite\",\"@id\":\"https:\\\/\\\/debevelanden.nl\\\/#website\",\"url\":\"https:\\\/\\\/debevelanden.nl\\\/\",\"name\":\"De Bevelanden\",\"description\":\"\",\"potentialAction\":[{\"@type\":\"SearchAction\",\"target\":{\"@type\":\"EntryPoint\",\"urlTemplate\":\"https:\\\/\\\/debevelanden.nl\\\/?s={search_term_string}\"},\"query-input\":{\"@type\":\"PropertyValueSpecification\",\"valueRequired\":true,\"valueName\":\"search_term_string\"}}],\"inLanguage\":\"de\"}]}<\/script>\n<!-- \/ Yoast SEO plugin. -->","yoast_head_json":{"title":"Klomppop Festivalweekend - De Bevelanden","description":"Ontdek de dorpen van De Bevelanden. Van weids en open tot knus en historisch. Beleef een regio verbonden door water en traditie waar je je direct thuis voelt. - Klomppop Festivalweekend","robots":{"index":"index","follow":"follow","max-snippet":"max-snippet:-1","max-image-preview":"max-image-preview:large","max-video-preview":"max-video-preview:-1"},"canonical":"https:\/\/debevelanden.nl\/de\/agenda\/klomppop-festivalweekend\/","og_locale":"de_DE","og_type":"article","og_title":"Klomppop Festivalweekend - De Bevelanden","og_description":"Ontdek de dorpen van De Bevelanden. Van weids en open tot knus en historisch. Beleef een regio verbonden door water en traditie waar je je direct thuis voelt. - Klomppop Festivalweekend","og_url":"https:\/\/debevelanden.nl\/de\/agenda\/klomppop-festivalweekend\/","og_site_name":"De Bevelanden","article_modified_time":"2026-04-23T07:49:58+00:00","og_image":[{"width":1920,"height":1280,"url":"https:\/\/debevelanden.nl\/wp-content\/uploads\/2026\/04\/2025_Wodan_Boys_Lotte-2-van-5.webp","type":"image\/webp"}],"twitter_card":"summary_large_image","schema":{"@context":"https:\/\/schema.org","@graph":[{"@type":"WebPage","@id":"https:\/\/debevelanden.nl\/agenda\/klomppop-festivalweekend\/","url":"https:\/\/debevelanden.nl\/agenda\/klomppop-festivalweekend\/","name":"Klomppop Festivalweekend - De Bevelanden","isPartOf":{"@id":"https:\/\/debevelanden.nl\/#website"},"primaryImageOfPage":{"@id":"https:\/\/debevelanden.nl\/agenda\/klomppop-festivalweekend\/#primaryimage"},"image":{"@id":"https:\/\/debevelanden.nl\/agenda\/klomppop-festivalweekend\/#primaryimage"},"thumbnailUrl":"https:\/\/debevelanden.nl\/wp-content\/uploads\/2026\/04\/2025_Wodan_Boys_Lotte-2-van-5.webp","datePublished":"2026-04-23T07:49:57+00:00","dateModified":"2026-04-23T07:49:58+00:00","description":"Ontdek de dorpen van De Bevelanden. Van weids en open tot knus en historisch. Beleef een regio verbonden door water en traditie waar je je direct thuis voelt. - Klomppop Festivalweekend","breadcrumb":{"@id":"https:\/\/debevelanden.nl\/agenda\/klomppop-festivalweekend\/#breadcrumb"},"inLanguage":"de","potentialAction":[{"@type":"ReadAction","target":["https:\/\/debevelanden.nl\/agenda\/klomppop-festivalweekend\/"]}]},{"@type":"ImageObject","inLanguage":"de","@id":"https:\/\/debevelanden.nl\/agenda\/klomppop-festivalweekend\/#primaryimage","url":"https:\/\/debevelanden.nl\/wp-content\/uploads\/2026\/04\/2025_Wodan_Boys_Lotte-2-van-5.webp","contentUrl":"https:\/\/debevelanden.nl\/wp-content\/uploads\/2026\/04\/2025_Wodan_Boys_Lotte-2-van-5.webp","width":1920,"height":1280},{"@type":"BreadcrumbList","@id":"https:\/\/debevelanden.nl\/agenda\/klomppop-festivalweekend\/#breadcrumb","itemListElement":[{"@type":"ListItem","position":1,"name":"Home","item":"https:\/\/debevelanden.nl\/"},{"@type":"ListItem","position":2,"name":"Klomppop Festivalweekend"}]},{"@type":"WebSite","@id":"https:\/\/debevelanden.nl\/#website","url":"https:\/\/debevelanden.nl\/","name":"De Bevelanden","description":"","potentialAction":[{"@type":"SearchAction","target":{"@type":"EntryPoint","urlTemplate":"https:\/\/debevelanden.nl\/?s={search_term_string}"},"query-input":{"@type":"PropertyValueSpecification","valueRequired":true,"valueName":"search_term_string"}}],"inLanguage":"de"}]}},"_links":{"self":[{"href":"https:\/\/debevelanden.nl\/de\/wp-json\/wp\/v2\/agenda\/2055","targetHints":{"allow":["GET"]}}],"collection":[{"href":"https:\/\/debevelanden.nl\/de\/wp-json\/wp\/v2\/agenda"}],"about":[{"href":"https:\/\/debevelanden.nl\/de\/wp-json\/wp\/v2\/types\/agenda"}],"wp:featuredmedia":[{"embeddable":true,"href":"https:\/\/debevelanden.nl\/de\/wp-json\/wp\/v2\/media\/2061"}],"wp:attachment":[{"href":"https:\/\/debevelanden.nl\/de\/wp-json\/wp\/v2\/media?parent=2055"}],"curies":[{"name":"Welt","href":"https:\/\/api.w.org\/{rel}","templated":true}]}}